{"id":40,"date":"2012-08-07T07:12:45","date_gmt":"2012-08-07T07:12:45","guid":{"rendered":"https:\/\/legitedisgatt.it\/?page_id=40"},"modified":"2023-08-20T14:49:36","modified_gmt":"2023-08-20T13:49:36","slug":"tofana","status":"publish","type":"page","link":"https:\/\/legitedisgatt.it\/?page_id=40","title":{"rendered":"Tofana"},"content":{"rendered":"<p style=\"text-align: justify;\"><span style=\"color: #a52a2a;\"><em><a href=\"https:\/\/legitedisgatt.it\/wp-content\/uploads\/2012\/08\/family-su-travenanzes.jpg\"><img loading=\"lazy\" decoding=\"async\" class=\"alignleft wp-image-526\" title=\"col dei bos notte del 27.9.12; foto by Giuseppe Menardi\" src=\"https:\/\/legitedisgatt.it\/wp-content\/uploads\/2012\/08\/family-su-travenanzes-300x200.jpg\" alt=\"\" width=\"333\" height=\"249\" \/><\/a><span style=\"color: #e8021d;\">Il Gruppo delle Tofane offre diverse tipologie di gite, da quelle corte e facili, a lunghe fino alle ferrate, anche difficili. Nella zona di <strong>Pi\u00e8 Tofana <\/strong>e di<strong> Col Drusc\u00e9<\/strong> le gite sono corte e facili; la zona di <strong>Ra Valles<\/strong> le gite sono pi\u00f9 impegnative e lunghe; nella zona <strong>Tofana di Mezzo <\/strong>e la<strong> Tofana di Rozes<\/strong>, la gran parte delle gite proposte sono sentieri ferrati oppure vie ferrate; la zona di <strong>Col dei Bos<\/strong> e l\u2019accesso alla <strong>Val Travenanzes<\/strong> con gite di tutte le tipologie<strong>. <\/strong>Nel Gruppo delle Tofane rientra \u00a0il <strong>Col Ros\u00e0<\/strong>, cui pure si accede per via ferrata.\u00a0 E\u2019 inutile dire \u2013ma \u00e8 una nota personale- che le sensazioni che danno le Tofane, ed in particolare la Rozes, quando vengono scoperte o raggiunte, sono indescrivibili.\u00a0<\/span><\/em><\/span><\/p>\n<p><em>Elenco delle passeggiate<\/em>: I. Sentiero Montanelli e salita alle Crepe di Cianderou; II. dal Montanelli al Lago Ghedina; III. Tondi di Cianderou; IV. Ghiaione Ra Ola; V. Via Ferrata Aglio alla Cima Tofana; VI. Sentiero ferrato Olivieri (da Pomedes a RaValles); VII. Via Ferrata Ra Buiela (torrione destro Pomedes); VIII. Via Ferrata Ra Pegna (torrione sinistro Pomedes); IX. Sentiero ferrato Astaldi + Via Ferrata Grotta di Tofana su Tofana di Rozes; X. Cima Tofana di Rozes; XI. Via Ferrata Galleria del Castelletto; XII. Via Ferrata Lipella su Tofana di Rozes; XIII. Col de Bos; XIV. Via Ferrata degli Alpini al Col de Bos; XV. Val Travenanzes; XVI. Via Ferrata al Col Ros\u00e0<\/p>\n<p style=\"text-align: justify;\"><em><span style=\"color: #3366ff;\">The Tofane Group of mountains offers various types of walk, from the short and easy to the long and then those with via ferrata, which can even be difficult. In the Pi\u00e8 Tofana and Col Drusc\u00e9 area the walks are short and easy; in the Ra Valles area they are more demanding and long; in the Tofana di Mezzo and Tofana di Rozes area most of the walks proposed are assisted paths or full \u201cvie ferrate\u201d; in the Col dei Bos area and at the entrance to the Val Travenanzes there are walks of every type. The Tofane group includes Col Ros\u00e0, to which access is also by via ferrata.\u00a0Needless to say \u2013but it is a personal observation- the sensations provided by the Tofane, and in particular la Rozes, when you see them, are indescribable.\u00a0 <\/span><\/em><\/p>\n<p align=\"center\"><strong>\u00a7\u00a0 \u00a7 \u00a0\u00a7<\/strong><\/p>\n<p style=\"text-align: justify;\"><em><span style=\"text-decoration: underline;\"><a href=\"https:\/\/legitedisgatt.it\/wp-content\/uploads\/2012\/08\/panorama-tofana.jpg\"><img loading=\"lazy\" decoding=\"async\" class=\"alignright size-medium wp-image-288\" title=\"panorama tofana invernale\" src=\"https:\/\/legitedisgatt.it\/wp-content\/uploads\/2012\/08\/panorama-tofana-300x156.jpg\" alt=\"\" width=\"300\" height=\"156\" srcset=\"https:\/\/legitedisgatt.it\/wp-content\/uploads\/2012\/08\/panorama-tofana-300x156.jpg 300w, https:\/\/legitedisgatt.it\/wp-content\/uploads\/2012\/08\/panorama-tofana.jpg 448w\" sizes=\"auto, (max-width: 300px) 100vw, 300px\" \/><\/a><\/span><\/em><strong><span style=\"text-decoration: underline;\">I &#8211; <\/span><\/strong><em><span style=\"text-decoration: underline;\">Area<\/span><\/em>: Tofane &#8211; <strong>Pi\u00e8 Tofana\/Col Drusc\u00e9 : \u201cPasseggiata Montanelli\u201d<\/strong> <em>[1\/2 giornata &#8211;<\/em> <em>gita bambinabile \u2013 un\u2019ora di cammino]<\/em><\/p>\n<p style=\"text-align: justify;\"><em><span style=\"text-decoration: underline;\">Percorso<\/span><\/em>:<\/p>\n<p style=\"text-align: justify;\">-si giunge con l\u2019automobile a Pi\u00e8 Tofana (m. 1.675 s.l.m.) -anzi poco dopo il rifugio in un ampio piazzale di terra battuta &#8211; dove si parcheggia e da qui si procede a piedi in direzione Col Drusc\u00e9;<\/p>\n<p style=\"text-align: justify;\">-da qui, in piano, si segue il c.d. sentiero della Passeggiata Montanelli (sent. 410; 20\/30 min.; 20 metri di dislivello per circa 1.2 km); piacevole poich\u00e8 largo, prima nel bosco poi panoramico, sostanzialmente pianeggiante, fino ad un primo bivio: da qui possibili diverse opzioni (oltre a quella di tornare indietro per la stessa strada):<\/p>\n<p style=\"text-align: justify;\"><strong><em>i)<\/em><\/strong> se si prende il sent. di destra in discesa nel bosco, si giunge al lago Ghedina\u00a0 (m. 1.457 s.l.m. &#8211; sent. 413; <em>vedere gita che segue<\/em>);<\/p>\n<p style=\"text-align: justify;\"><strong><em>ii)<\/em><\/strong> se si prosegue per il sentiero 410, invece, si prosegue il sentiero Montanelli fino ad un secondo bivio dove il sentiero termina; sulla sinistra c&#8217;\u00e8 il sent. 409 che, salendo per comodo sentiero, porta alle Crepe di Cianderou e prima (a circa 1.700 m. s.l.m.), ad un Belvedere che merita, con vista proprio sopra lago Ghedina\u00a0 (m. 1.753 s.l.m.; 45 min. \/1 h; <em>effettuata 5.8.13; 15.8.17; 18.8.23<\/em>).<a href=\"https:\/\/legitedisgatt.it\/wp-content\/uploads\/2012\/08\/DSCN1272.jpg\"><img loading=\"lazy\" decoding=\"async\" class=\"alignright size-medium wp-image-651\" title=\"vista dal belvedere sul lago Ghedina (by Maxi)\" src=\"https:\/\/legitedisgatt.it\/wp-content\/uploads\/2012\/08\/DSCN1272-300x224.jpg\" alt=\"\" width=\"300\" height=\"224\" srcset=\"https:\/\/legitedisgatt.it\/wp-content\/uploads\/2012\/08\/DSCN1272-300x224.jpg 300w, https:\/\/legitedisgatt.it\/wp-content\/uploads\/2012\/08\/DSCN1272.jpg 448w\" sizes=\"auto, (max-width: 300px) 100vw, 300px\" \/><\/a><\/p>\n<p style=\"text-align: justify;\"><em>iii)<\/em> dopo il Belvedere si pu\u00f2 proseguire per lo stesso sentiero n. 409 nel bosco superando le Crepe di Cionderou e proseguendo &#8220;a volont\u00e0&#8221; verso il passo Posporcora o prendendo pi\u00f9 avanti il sent. 446 in salita; noi abbiamo evitato la deviazione e abiamo proseguito piacevolmente per 1 h circa fino al Valon del la Foia\u00a0 (bella &#8220;sgambata&#8221; il 1.11.16)<\/p>\n<p style=\"text-align: justify;\">-il ritorno \u00e8 per lo stesso sentiero (410); si segnala che all\u2019altezza del\u00a0 bivio per il lago Ghedina, dal lato opposto al sent. 413, vi \u00e8 una traccia di sentiero che corre parallela alla \u201cPasseggiata di Montanelli\u201d e che per i bambini \u00e8 certamente migliore, poich\u00e9 \u00e8 su bei prati e, pur essendo in posto molto accessibile non \u00e8 mai affollata ed ottima per pic-nic.<\/p>\n<p style=\"text-align: justify;\"><em><span style=\"text-decoration: underline;\">\u00a0Valutazioni<\/span><\/em>: Passeggiata tranquilla anche con prati e boschi, da prolungare a piacimento. A meno che non si scelga la variante <em>i)<\/em> ove c&#8217;\u00e8 il lago ed un rifugio \/ ristorante, \u00e8 necessario portare con s\u00e9 acqua e panini\u00a0\u00a0[<em>effettuata pi\u00f9 volte come sgambatina, magari con tempo uggioso; ultima volta fino al belvedere 18.8.23; il Montanelli per intero il 14.8.21<\/em>].<\/p>\n<p style=\"text-align: justify;\"><em><span style=\"color: #3366ff;\">Area: Tofane &#8211; Pi\u00e8 Tofana\/Col Drusc\u00e9 : \u201cMontanelli Walk\u201d [half a day \u2013suitable for children \u2013 one hour of walking]<\/span><\/em><\/p>\n<p style=\"text-align: justify;\"><em><span style=\"color: #3366ff;\">Route: -Park at Pi\u00e8 Tofana and from here proceed on foot in the direction of Col Drusc\u00e9; &#8211; From here, on the flat, follow the so-called \u201cPasseggiata Montanelli\u201d (\u201cMontanelli Walk\u201d) path (path no. 410; 30 mins), as far as a junction. Here there are two options: i) If you take the path on the right that goes down, you reach Lake Ghedina (path no. 413; see next walk); ii) If you instead continue on the same path, further on, on the left, you will find path no. 409 which climbs and brings you to Crepe di Cianderou and, especially, significantly before that, to a viewpoint which merits a stop, with a view precisely over Lake Ghedina\u00a0 (1 h). &#8211; iii) After the Belvedere you can continue for the same trail no. 409 in the woods over the Crepes of Cionderou and continuing &#8220;at will&#8221; towards Posporcora step or taking forward the sent. 446 uphill; We avoided the deviation and we continued pleasantly for about 1 hour until the Valon of Foia (beautiful on 1.11.16) &#8211; The return journey is by the same path (410); It should be pointed out that at the junction for Lake Ghedina, on the opposite side to path no. 413, there are traces of a path that runs parallel to the \u201cPasseggiata Montanelli\u201d and which is certainly better for children as it has some nice grassy expanses and, even if the place is very easily accessible, it is never busy and is excellent for a picnic.\u00a0 Assessment: Easy walk through woods and grassy expanses, which can be added on to as you wish [carried out several times to stretch our legs, maybe with overcast weather].\u00a0<\/span><\/em><\/p>\n<p align=\"center\"><strong><em>\u00b0 \u00b0 \u00b0<\/em><\/strong><\/p>\n<p style=\"text-align: justify;\"><em><span style=\"text-decoration: underline;\"><a href=\"https:\/\/legitedisgatt.it\/wp-content\/uploads\/2012\/08\/Camoscio2.jpg\"><img loading=\"lazy\" decoding=\"async\" class=\"alignleft size-medium wp-image-524\" title=\"Camoscio\" src=\"https:\/\/legitedisgatt.it\/wp-content\/uploads\/2012\/08\/Camoscio2-300x243.jpg\" alt=\"\" width=\"300\" height=\"243\" srcset=\"https:\/\/legitedisgatt.it\/wp-content\/uploads\/2012\/08\/Camoscio2-300x243.jpg 300w, https:\/\/legitedisgatt.it\/wp-content\/uploads\/2012\/08\/Camoscio2-1024x832.jpg 1024w, https:\/\/legitedisgatt.it\/wp-content\/uploads\/2012\/08\/Camoscio2.jpg 1236w\" sizes=\"auto, (max-width: 300px) 100vw, 300px\" \/><\/a><\/span><\/em><strong><span style=\"text-decoration: underline;\">II &#8211; <\/span><\/strong><em><span style=\"text-decoration: underline;\">Area<\/span><\/em>: Tofane \u2013 <strong>Col Drusc\u00e9 &#8211; Lago Ghedina<\/strong> <em>[intera giornata &#8211; gita bambinabile \u2013 due ore circa di cammino]<\/em><\/p>\n<p style=\"text-align: justify;\"><em><span style=\"text-decoration: underline;\">Percorso<\/span><\/em>:<\/p>\n<p style=\"text-align: justify;\">-si giunge a Col Drusc\u00e9 (grazie alla funivia) e da qui, in discesa per il sent. 413 nei boschi fino a Lago Ghedina (1,5 h; 300 m. di dislivello in discesa) \u2013 qui \u00e8 possibile la pesca di trote\u2026<\/p>\n<p style=\"text-align: justify;\">&#8211; si prosegue poi con il sent. 410 e, sempre in discesa tra boschi, si giunge a Cadin (20 min.), ove si \u00e8 lasciata preventivamente l\u2019automobile.<\/p>\n<p style=\"text-align: justify;\"><em><span style=\"text-decoration: underline;\">Valutazioni<\/span><\/em>: Passeggiata tranquilla anche con prati e boschi \u2013 il lago \u00e8 una bella attrazione per i bimbi (potendo anche pescare), oltre ad essere un gioiellino della natura \u2013 va tenuta presente l\u2019organizzazione delle automobili per il ritorno [<em>effettuata 16.8.98<\/em>].<\/p>\n<p style=\"text-align: justify;\"><em><span style=\"color: #3366ff;\">Area: Tofane \u2013 Col Drusc\u00e9 &#8211; Lake Ghedina [whole day \u2013 walk suitable for children \u2013 two hours of walking]<\/span><\/em><\/p>\n<p style=\"text-align: justify;\"><em><span style=\"color: #3366ff;\">Route: &#8211; Go to Col Drusc\u00e9 (with the cable car) and from here, descend by path no. 413 crossing woods as far as Lake Ghedina (1h30; 300 m. decrease in altitude) \u2013 where it is possible to fish for trout\u2026 &#8211; continue on path no. 410 and, again descending through woodland, you will reach Cadin (20 mins), where you should have left a car in advance.<\/span><\/em><\/p>\n<p style=\"text-align: justify;\"><em><span style=\"color: #3366ff;\">Assessment: easy walk, grass and woodland \u2013 the lake is a nice attraction for children (given that you can fish too), as well as being a wonder of nature \u2013 you should bear in mind that you need to organise cars for when you go back [carried out on 16.08.98].<\/span><\/em><\/p>\n<p><strong>\u00a0\u00a0\u00a0\u00a0\u00a0\u00a0\u00a0\u00a0\u00a0\u00a0\u00a0\u00a0\u00a0\u00a0\u00a0\u00a0\u00a0\u00a0\u00a0\u00a0\u00a0\u00a0\u00a0\u00a0\u00a0\u00a0\u00a0\u00a0\u00a0\u00a0\u00a0\u00a0\u00a0\u00a0\u00a0\u00a0\u00a0\u00a0\u00a0\u00a0\u00a0\u00a0\u00a0\u00a0\u00a0\u00a0\u00a0\u00a0\u00a0\u00a0\u00a0\u00a0\u00a0\u00a0\u00a0\u00a0\u00a0\u00a0\u00a0\u00a0\u00a0\u00a0\u00a0\u00a0\u00a0\u00a0\u00a0\u00a0\u00a0\u00a0\u00a0\u00a0\u00a0\u00a0\u00a0\u00a0\u00a0\u00a0\u00a0\u00a0\u00a0\u00a0\u00a0\u00a0 \u00a7 \u00a0\u00a7 \u00a0\u00a7<\/strong><\/p>\n<p><strong><span style=\"text-decoration: underline;\">III <\/span><\/strong><em><span style=\"text-decoration: underline;\"><em>&#8211;<\/em>Area<\/span><\/em>: Tofana \u00a0\u2013 Ra Valles: <strong>Tondi de Cianderou <\/strong><em>[intera giornata \u2013 per tutti \u2013 quattro\/cinque ore di cammino]<a href=\"https:\/\/legitedisgatt.it\/wp-content\/uploads\/2012\/08\/tondi-di-cionderau-con-la-tofana-da-col-rosa.jpg\"><img loading=\"lazy\" decoding=\"async\" class=\"alignright size-medium wp-image-508\" title=\"tondi di cionderau con la tofana da col rosa\" src=\"https:\/\/legitedisgatt.it\/wp-content\/uploads\/2012\/08\/tondi-di-cionderau-con-la-tofana-da-col-rosa-300x200.jpg\" alt=\"\" width=\"300\" height=\"200\" srcset=\"https:\/\/legitedisgatt.it\/wp-content\/uploads\/2012\/08\/tondi-di-cionderau-con-la-tofana-da-col-rosa-300x200.jpg 300w, https:\/\/legitedisgatt.it\/wp-content\/uploads\/2012\/08\/tondi-di-cionderau-con-la-tofana-da-col-rosa.jpg 448w\" sizes=\"auto, (max-width: 300px) 100vw, 300px\" \/><\/a><\/em><\/p>\n<p><em><span style=\"text-decoration: underline;\">Percorso<\/span><\/em>:<\/p>\n<p>-si giunge in funivia fino a Ra Valles;<\/p>\n<p style=\"text-align: justify;\">-da qui sulla destra, seguendo il sent. 407, si giunge alla forcella Ra Valles (che \u00e8 la partenza della nota pista di sci, Forcella Rossa (150 m. di dislivello in discesa);<\/p>\n<p>-si prosegue con il sent. 446 verso Ra Zestes (sent. 446, 150 m. di dislivello in salita)<\/p>\n<p style=\"text-align: justify;\">-il sentiero prosegue poi su e gi\u00f9 per i Tondi de Cianderou, rimanendo complessivamente pi\u00f9 o meno in quota, fino a giungere all\u2019inizio della discesa su Cortina\u00a0 (sino a qui circa 2h);<\/p>\n<p style=\"text-align: justify;\">&#8211;<em>per il ritorno le possibilit\u00e0 sono due<\/em>:<\/p>\n<p style=\"text-align: justify;\"><strong><em>i)<\/em><\/strong> tornare sui propri passi e dunque fino alla forcella Ra Valles (1 h);<\/p>\n<p style=\"text-align: justify;\">-quindi (sostanzialmente per la pista da sci), si scende per sent. 407 fino a Pi\u00e8 Tofana (circa 1,5 h &#8211; 450 m. dislivello in discesa) dove si \u00e8 lasciata preventivamente un\u2019automobile, oppure da cui si sale (per sent. 410 e 411) a Col Drusc\u00e9 (15 min.) per riprendere la funivia.<\/p>\n<p style=\"text-align: justify;\"><strong><em>ii) <\/em><\/strong>si scende per il sent. 446, in modo piuttosto ripido;<\/p>\n<p style=\"text-align: justify;\">-al primo bivio si prende sulla destra il sent. 409 che porta al lago Ghedina (600 m. di dislivello in discesa; 1,30 h), dove si \u00e8 lasciata preventivamente un\u2019automobile oppure da cui si prosegue per Cadin (<em>vedi gita che precede<\/em>). <strong><em>\u00a0<\/em><\/strong><\/p>\n<p style=\"text-align: justify;\"><em><span style=\"text-decoration: underline;\">Valutazioni<\/span><\/em>: Gita bellissima, poco anzi pochissimo frequentata e panoramica, adatta a tutti pur se va considerata la discesa notevole \u2013 interessante per i ruderi e per le trincee sulle creste dei Tondi \u2013 prati di stelle alpine [<em>effettuata 18.8.92; 7.7.10<\/em>].<\/p>\n<p style=\"text-align: justify;\"><em><span style=\"color: #3366ff;\">Area: Tofana \u00a0\u2013 Ra Valles: Tondi de Cianderou [whole day \u2013 for everyone \u2013 four\/five hours of walking]<\/span><\/em><\/p>\n<p style=\"text-align: justify;\"><em><span style=\"color: #3366ff;\">Route: -Take the cable car to Ra Valles; &#8211; From here take path no. 407 towards the right until you reach the Ra Valles saddle (start of the famed Forcella Rossa ski slope (150 m. decrease in altitude); &#8211; Continue with path no. 446 towards Ra Zestes\u00a0 150 m. increase in altitude); &#8211; The path then continues up and down crossing the \u201cTondi de Cianderou\u201d, remaining overall more or less at the same altitude, until you reach the start of the descent towards Cortina\u00a0 (about 2h up to here); -Going back there are two options: i) Go back the same way and therefore as far as Ra Valles (1 h); -Then (essentially following the ski slope), descend on path no. 407 as far as Pi\u00e8 Tofana (about 1h30 &#8211; 450 m. decrease in altitude) where you should leave the car in advance or alternatively go up (by paths 410 and 411) to Col Drusc\u00e9 (15 mins) to take the cable car again. ii) Descend by path no. 446, which is rather steep; &#8211; At the first junction take path no. 409 on the right, which takes you to Lake Ghedina (600 m. decrease in altitude; 1h00, where you should park the car in advance or\u00a0 continue from here to Cadin (see previous walk). \u00a0<\/span><\/em><\/p>\n<p style=\"text-align: justify;\"><em><span style=\"color: #3366ff;\">Assessment: Excellent walk, not busy, in fact not at all busy, and with panoramic views, suited to everyone even if you need to take account of the steep descent \u2013 interesting for the ruins and trenches on the Tondi ridges \u2013 fields of edelweiss [carried out on 18.8.92; 07.07.10].<\/span><\/em><\/p>\n<p style=\"text-align: center;\"><strong>\u00a7 \u00a0\u00a7 \u00a0\u00a7<\/strong><\/p>\n<p style=\"text-align: justify;\"><strong><span style=\"text-decoration: underline;\">IV &#8211; <\/span><\/strong><em><span style=\"text-decoration: underline;\">Area<\/span><\/em>: Tofana\u00a0 \u2013 Ra Valles <strong>Ghiaione di<\/strong> <strong>Ra Ola<\/strong> <em>[intera giornata \u2013 cinque\/sei ore di cammino]<\/em><\/p>\n<p style=\"text-align: justify;\"><em><span style=\"text-decoration: underline;\">Percorso<\/span><\/em>:<\/p>\n<p style=\"text-align: justify;\">&#8211; si giunge in funivia fino a Ra Valles<\/p>\n<p style=\"text-align: justify;\">&#8211; si prende il sent. 407 verso la Tofana di Dentro (\u201cattraversando\u201d\u00a0 quelle che d\u2019inverno sono le piste sulla destra arrivando) e quindi scendendo prima e risalendo ma seguendo sempre il sentiero, fino a giungere in quota sulla Tofana, a mezza costa;<\/p>\n<p style=\"text-align: justify;\">&#8211; si prosegue ancora sul sentiero (il c.d. \u201csentiero dei volontari\u201d), tenendo la destra e cos\u00ec superando il bivio per Cima Formenton;<\/p>\n<p style=\"text-align: justify;\">\u00a0&#8211; dopo alcuni baraccamenti e qualche passaggio esposto cui prestare attenzione, anche per il sentiero molto sdrucciolevole, si giunge alla sella;<\/p>\n<p style=\"text-align: justify;\"><a href=\"https:\/\/legitedisgatt.it\/wp-content\/uploads\/2012\/08\/raola.jpg\"><img loading=\"lazy\" decoding=\"async\" class=\"alignleft size-medium wp-image-503\" title=\"ra ola dalla bassa val di fanes\" src=\"https:\/\/legitedisgatt.it\/wp-content\/uploads\/2012\/08\/raola-199x300.jpg\" alt=\"\" width=\"199\" height=\"300\" srcset=\"https:\/\/legitedisgatt.it\/wp-content\/uploads\/2012\/08\/raola-199x300.jpg 199w, https:\/\/legitedisgatt.it\/wp-content\/uploads\/2012\/08\/raola.jpg 298w\" sizes=\"auto, (max-width: 199px) 100vw, 199px\" \/><\/a>&#8211; da qui (sempre seguendo il sent. 407) si sviluppa il ghiaione \u00a0de Ra Ola, il pi\u00f9 bello ed impressionante dell\u2019area, che ha una discesa di 1.000 m. di dislivello in Val di Fanes<\/p>\n<p style=\"text-align: justify;\">&#8211; fatto il ghiaione, si giunge fino al sent. n. 10\/401 che si segue, scendendo in Val di Fanes verso Ponte Alto (da qui se si hanno ancora forze, ben si pu\u00f2 fare la ferrata Barbera alle Cascate);<\/p>\n<p style=\"text-align: justify;\">-il sentiero prosegue fino a\u00a0 Pian de Loa e poi al Centro informazioni della Val di Fanes <em>(per il tragitto in Val di Fanes si rinvia al relativo commento)<\/em>\u00a0 (5 h).<\/p>\n<p style=\"text-align: justify;\"><em><span style=\"text-decoration: underline;\">Valutazioni<\/span><\/em>: Gita bellissima, con un ghiaione di sassi fini \u2013 oggi si deve verificare la condizione del sentiero presso le guide di Cortina &#8211; necessita di passo fermo, assenza di vertigini e tempo buono per il sentiero che prima della sella non era in condizioni perfette. &#8211; E\u2019 inutile dire che la discesa sui ghiaioni necessita di un minimo di prudenza e di ginocchia buone: solo in queste condizioni (e dunque dove possibile poter \u201csaltare\u201d) \u00e8 divertente; altrimenti \u00e8 una sofferenza \u2026 &#8211; poich\u00e9 i\u00a0 ghiaioni cambiano molto di anno in anno, e questo \u00e8 impegnativo, \u00e8 necessario acquisire dalle Guide di Cortina, informazioni sul relativo stato prima di partire \u2013 La parte finale della gita \u00e8 nella Val di Fanes e si pu\u00f2 l\u00ec vedere il relativo commento \u2013 Va organizzato il ritorno con le automobili &#8211; [<em>effettuata 8.8.81; 8.7.83; 16.8.86<\/em>].<\/p>\n<p style=\"text-align: justify;\"><em><span style=\"color: #3366ff;\">Area: Tofana\u00a0 \u2013 Ra Valles &#8211; \u00a0Ra Ola Scree [whole day \u00a0\u2013 five\/six hours \u00a0of walking]<\/span><\/em><\/p>\n<p style=\"text-align: justify;\"><em><span style=\"color: #3366ff;\">Route:\u00a0&#8211; Take the cable car as far as Ra Valles; &#8211; Take path no. 407 towards Tofana di Dentro (\u201ccrossing\u201d, on the right as you arrive, what are ski slopes in the winter) and then first going down and then up, but without leaving the path, arrive at the same altitude on the Tofana, half-way up; &#8211; Continue still on the same path (the so-called \u201csentiero dei volontari\u201d- \u201cpath of the volunteers\u201d), keeping to the right at the junction for Cima Formenton;\u00a0\u00a0&#8211; After a few huts and several steep sections on which one needs to take care, inclusively because the path is very slippery, you reach the\u00a0 saddle; &#8211; From here (still following path no. 407) you come onto the Ra Ola scree, the finest and most \u00a0impressive in the area, descending 1.000 m. in altitude into the Val di Fanes (Fanes Valley); &#8211; After the scree you reach path no. n. 10\/401 and follow this going down into the Val di Fanes towards Ponte Alto (from here, if you still feel strong enough, you can do the Barbera via ferrata to the waterfalls); &#8211; The path continues as far as Pian de Loa and then to the Val di Fanes Information Centre (for the walk in Val di Fanes see the relevant section)\u00a0 (5 h).\u00a0\u00a0\u00a0\u00a0&#8211;\u00a0Assessment: Beautiful walk, with a scree composed of small stones \u2013 requires a steady step, a head for heights and good weather for the path, which was not, before the saddle, in perfect condition when we walked it. Needless to say that going down a scree requires a minimum of caution and a strong pair of knees: only in this case (and therefore with the ability to \u201chop\u201d where possible) is it enjoyable; otherwise it is really hard \u2026 &#8211; since screes change a lot from one year to the next, and this one is challenging, you should ask the Cortina mountain guide organization (\u201cGuide di Cortina\u201d) what state it is in before going \u2013 The final part of the walk is in the Fanes Valley- see the separate commentary on this \u2013 You need to organise a car for when you get back &#8211; [carried out on 08.08.81; 08.07.83; 16.08.86]. <\/span><\/em><\/p>\n<h6 align=\"center\"><span style=\"font-size: 12px;\"><strong>\u00a7\u00a0 \u00a7\u00a0 \u00a7<\/strong><\/span><\/h6>\n<p style=\"text-align: justify;\"><strong><span style=\"text-decoration: underline;\">V &#8211; <\/span><\/strong><em><span style=\"text-decoration: underline;\">Area<\/span><\/em>: Tofana\u00a0 \u2013 Ra Valles \/ Tofana: <strong>Via ferrata Aglio alla Cima della Tofana di Mezzo<\/strong> <em>[intera giornata \u2013 quattro \/ sei ore di cammino allenati \u2013 necessita attrezzatura da ferrata \u2013 per esperti]<a href=\"https:\/\/legitedisgatt.it\/wp-content\/uploads\/2012\/08\/cima-tofana.jpg\"><img loading=\"lazy\" decoding=\"async\" class=\"alignright size-medium wp-image-289\" title=\"cima tofana\" src=\"https:\/\/legitedisgatt.it\/wp-content\/uploads\/2012\/08\/cima-tofana-300x224.jpg\" alt=\"\" width=\"300\" height=\"224\" srcset=\"https:\/\/legitedisgatt.it\/wp-content\/uploads\/2012\/08\/cima-tofana-300x224.jpg 300w, https:\/\/legitedisgatt.it\/wp-content\/uploads\/2012\/08\/cima-tofana.jpg 448w\" sizes=\"auto, (max-width: 300px) 100vw, 300px\" \/><\/a><\/em><\/p>\n<p style=\"text-align: justify;\"><em><span style=\"text-decoration: underline;\">Percorso<\/span><\/em>:<\/p>\n<p style=\"text-align: justify;\">&#8211; si giunge in funivia fino a Ra Valles<\/p>\n<p style=\"text-align: justify;\">&#8211; si sale per traccia di sentiero su ghiaione (sostanzialmente salendo per la omonima pista da sci), fino al Bus de Tofana;<\/p>\n<p style=\"text-align: justify;\">-qui giunti\u00a0(2 h; 600 m. di dislivello), si attacca la ferrata che sale (circa 450 m. di dislivello) fino a Cima Tofana (3.243 m.);<\/p>\n<p style=\"text-align: justify;\">-conquistata la vetta, si scende in funivia.<\/p>\n<p style=\"text-align: justify;\"><em><span style=\"text-decoration: underline;\">Valutazioni<\/span><\/em>: La gita \u00e8 fantastica e di grandissima soddisfazione, conquistando la cima pi\u00f9 alta. La gita \u00e8 per esperti poich\u00e8 \u00e8 impegnativa ed esposta (almeno due passaggi molto esposti). La difficolt\u00e0 \u00e8 aumentata dal fatto di giungervi dopo un bel percorso (il che implica un buon allenamento e dunque un\u2019ottima forma fisica, per non essere stanchi in ferrata), dal fatto di essere ad un\u2019altitudine elevata e dall\u2019esposizione anche perch\u00e9 attorno non vi \u00e8 nessun altro riferimento prossimo <em>[effettuata 14.8.85].<\/em><\/p>\n<p style=\"text-align: justify;\"><em><span style=\"color: #3366ff;\">Area: Tofana\u00a0 \u2013 Ra Valles \/ Tofana: Aglio via ferrata to the top of Tofana di Mezzo [whole day \u2013 four hours of walking \u2013requires via ferrata equipment \u2013 for experts]<\/span><\/em><\/p>\n<p style=\"text-align: justify;\"><em><span style=\"color: #3366ff;\">Route:\u00a0&#8211;\u00a0Take the cable car as far as Ra Valles; &#8211; Go up towards Bus de Tofana on the traces of a path on a scree (essentially following the ski slope of the same name); &#8211; When you get to Bus de Tofana (2 h; 600 m. rise in altitude) you start on the via ferrata, which goes up (about 450 m. difference in altitude) to \u201cCima Tofana\u201d (the top of Tofana) (3.243 m.); &#8211; When you get to the top take the cable car to go down. &#8211;\u00a0Assessment: Wonderful and extremely satisfying trek where you reach the highest peak. This is for experts because it is challenging and has steep drops (at least two sections with very steep drops). It is made more difficult by the fact that you have a tough walk to start with (which means you need to be well-trained and very fit, to not get tired during the via ferrata), by the high altitude and by the location, given that there is no nearby alternative [carried out on 14.08.85].<\/span><\/em><\/p>\n<p align=\"center\"><span style=\"color: #3366ff;\"><strong>\u00a7\u00a0 \u00a7\u00a0 \u00a7<\/strong><\/span><\/p>\n<p><strong><span style=\"text-decoration: underline;\">VI &#8211; <\/span><\/strong><em><span style=\"text-decoration: underline;\">Area<\/span><\/em>: Tofane \u2013 Pomedes \/ Ra Valles \u00a0\u2013 <strong>Sentiero ferrato G. Olivieri <\/strong><em>[intera giornata \u2013 quattro ore di cammino- necessaria attrezzatura da ferrata]<\/em><\/p>\n<p style=\"text-align: justify;\"><em><span style=\"text-decoration: underline;\">Percorso<\/span><\/em>:<\/p>\n<p style=\"text-align: justify;\">-si giunge con l\u2019automobile a Pi\u00e8 Tofana e da qui con la seggiovia fino al Rif. Pomedes;<\/p>\n<p style=\"text-align: justify;\">-poco sotto all\u2019arrivo della seggiovia si diparte il sentiero sulla destra che sale verso le Torri de Pomedes, attraversando il ghiaione e giungendo all\u2019inizio del sentiero ferrato Olivieri;<\/p>\n<p style=\"text-align: justify;\"><a href=\"https:\/\/legitedisgatt.it\/wp-content\/uploads\/2012\/08\/tratto-del-sent.ferrato-olivieri.jpg\"><img loading=\"lazy\" decoding=\"async\" class=\"alignleft size-medium wp-image-270\" title=\"tratto del sent.ferrato olivieri\" src=\"https:\/\/legitedisgatt.it\/wp-content\/uploads\/2012\/08\/tratto-del-sent.ferrato-olivieri-300x224.jpg\" alt=\"\" width=\"300\" height=\"224\" srcset=\"https:\/\/legitedisgatt.it\/wp-content\/uploads\/2012\/08\/tratto-del-sent.ferrato-olivieri-300x224.jpg 300w, https:\/\/legitedisgatt.it\/wp-content\/uploads\/2012\/08\/tratto-del-sent.ferrato-olivieri.jpg 448w\" sizes=\"auto, (max-width: 300px) 100vw, 300px\" \/><\/a><a href=\"https:\/\/legitedisgatt.it\/wp-content\/uploads\/2012\/08\/DSC03292.jpg\"><img loading=\"lazy\" decoding=\"async\" class=\"alignright size-medium wp-image-673\" title=\"attacco (2008)\" src=\"https:\/\/legitedisgatt.it\/wp-content\/uploads\/2012\/08\/DSC03292-224x300.jpg\" alt=\"\" width=\"224\" height=\"300\" srcset=\"https:\/\/legitedisgatt.it\/wp-content\/uploads\/2012\/08\/DSC03292-224x300.jpg 224w, https:\/\/legitedisgatt.it\/wp-content\/uploads\/2012\/08\/DSC03292.jpg 336w\" sizes=\"auto, (max-width: 224px) 100vw, 224px\" \/><\/a><\/p>\n<p style=\"text-align: justify;\">-il sentiero porta all\u2019interno delle Torri di Pomedes dove comincia la parte attrezzata e poi sale \u2013con un paio di passaggi un po\u2019 esposti su spigolo \u2013 fino a giungere al Rif. Ra Valles<\/p>\n<p><a href=\"https:\/\/legitedisgatt.it\/wp-content\/uploads\/2012\/08\/DSC03344.jpg\"><img loading=\"lazy\" decoding=\"async\" class=\"alignleft size-medium wp-image-674\" title=\"paretina verso la scaletta in ferro (2008)\" src=\"https:\/\/legitedisgatt.it\/wp-content\/uploads\/2012\/08\/DSC03344-224x300.jpg\" alt=\"\" width=\"224\" height=\"300\" srcset=\"https:\/\/legitedisgatt.it\/wp-content\/uploads\/2012\/08\/DSC03344-224x300.jpg 224w, https:\/\/legitedisgatt.it\/wp-content\/uploads\/2012\/08\/DSC03344.jpg 336w\" sizes=\"auto, (max-width: 224px) 100vw, 224px\" \/><\/a><a href=\"https:\/\/legitedisgatt.it\/wp-content\/uploads\/2012\/08\/DSC03332.jpg\"><img loading=\"lazy\" decoding=\"async\" class=\"alignright size-medium wp-image-675\" title=\"passaggio in spigolo (2008)\" src=\"https:\/\/legitedisgatt.it\/wp-content\/uploads\/2012\/08\/DSC03332-300x224.jpg\" alt=\"\" width=\"300\" height=\"224\" srcset=\"https:\/\/legitedisgatt.it\/wp-content\/uploads\/2012\/08\/DSC03332-300x224.jpg 300w, https:\/\/legitedisgatt.it\/wp-content\/uploads\/2012\/08\/DSC03332.jpg 448w\" sizes=\"auto, (max-width: 300px) 100vw, 300px\" \/><\/a><\/p>\n<p>(da 1,5 h a 2,5 h, <em>a seconda del numero dei partecipanti la gita ed al livello tecnico<\/em>);<\/p>\n<p style=\"text-align: justify;\">\u00a0\u2013da Ra Valles le opzioni sono molte e si rinvia alle gite innanzi descritte:<\/p>\n<p style=\"text-align: justify;\"><strong><em>i)<\/em><\/strong>si pu\u00f2 scendere in funivia;<\/p>\n<p style=\"text-align: justify;\"><strong><em>ii)<\/em><\/strong>si pu\u00f2 proseguire fino alla forcella Ra Valles e quindi (sostanzialmente per la pista da sci della \u201cforcella rossa\u201d), si scende per sent. 407 fino a Pi\u00e8 Tofana (circa 1,5 h &#8211; 450 m. dislivello in discesa) dove si \u00e8 lasciata preventivamente un\u2019automobile, oppure da cui si sale (per sent. 410 e 411) a Col Drusc\u00e9 (15 min.) per riprendere la funivia;<\/p>\n<p style=\"text-align: justify;\"><strong><em>iii)<\/em><\/strong>si pu\u00f2 proseguire <em>(se non si \u00e8 stanchi, si \u00e8 in forma e si \u00e8 adeguatamente allenati)<\/em> collegandosi ad altre sentieri o gite, ad esempio facendo il ghiaione di Ra Ola (vedi gita innanzi descritta).<\/p>\n<p style=\"text-align: justify;\"><em><span style=\"text-decoration: underline;\">Valutazioni<\/span><\/em>: Gita bellissima e panoramica \u2013 necessaria assenza di vertigini poich\u00e9 il sentiero ferrato \u00e8 esposto in particolare in due passaggi su spigolo \u2013 necessaria attrezzatura da ferrata [<em>effettuata <strong>iii)<\/strong> 8.7.83; <strong>ii)<\/strong> 9.8.94; 14.8.04; 21.8.08<\/em>].<\/p>\n<p style=\"text-align: justify;\"><em><span style=\"color: #3366ff;\">Area: Tofane \u2013 Pomedes \/ Ra Valles \u00a0\u2013G. Olivieri assisted path [whole day \u2013 four hours of walking- requires via ferrata equipment] Route: -Park at Pi\u00e8 Tofana and from here take the chairlift to Pomedes Refuge; &#8211; Just below the chairlift upper station, on the right, there is a path that goes up towards Torri de Pomedes, crossing a scree until you arrive at the start of the Oliveiri path; -The path leads inside the Torri di Pomedes and this is where the assisted section starts. It then climbs \u2013with a couple of sections with a steep drop on corners \u2013 until you reach Ra Valles Refuge (from 1h30 to 2h30, depending on the number of participants and their skill level);\u00a0\u00a0\u2013 From Ra Valles there are many options and we would refer to the walks already described: i)You can go down by cable car; ii) You can continue until Ra Valles Pass and then (essentially following the \u201cForcella Rossa\u201d ski slope), descend by path no. 407 to Pi\u00e8 Tofana (about 1h30 &#8211; 450 m. decrease in altitude), where you should park a car in advance, or from which you can climb (by paths 410 and 411) to Col Drusc\u00e9 (15 mins) to take the cable car; iii) You can continue (if you are not tired, feel fit and are well-trained) by taking other paths\/walks, for example by doing the Ra Ola scree (see walk previously described). &#8211;\u00a0Assessment: Beautiful walk with panoramic views \u2013 you need a head for heights because the assisted path has some steep drops and in particular two sections round corners \u2013 via ferrata equipment required [carried out on iii) 08.07.83; ii) 09.08.94; 14.08.04; 21.08.08].\u00a0<\/span><\/em><\/p>\n<p align=\"center\"><strong>\u00a7 \u00a0\u00a7 \u00a0\u00a7<\/strong><\/p>\n<p style=\"text-align: justify;\" align=\"center\"><span style=\"text-decoration: underline;\"><strong>VII<\/strong> Area:<\/span> Tofane &#8211; Pomedes: <strong>Via ferrata Ra Bujela sul torrione destro di Pomedes<\/strong> [<em>1,30 di salita, fino al Rif. Pomedes &#8211; totale 2 ore &#8211; necessaria attrezzatura da ferrata &#8211; per esperti<\/em>]<\/p>\n<p class=\"hide-if-no-js\"><a class=\"thickbox\" href=\"https:\/\/legitedisgatt.it\/wp-admin\/media-upload.php?post_id=40&amp;type=image&amp;TB_iframe=1\"><img loading=\"lazy\" decoding=\"async\" class=\"attachment-post-thumbnail \" src=\"https:\/\/legitedisgatt.it\/wp-content\/uploads\/2012\/08\/IMG_4425-336x198.jpg\" alt=\"img_4425\" width=\"278\" height=\"164\" \/><\/a><a id=\"set-post-thumbnail\" class=\"thickbox\" href=\"https:\/\/legitedisgatt.it\/wp-admin\/media-upload.php?post_id=40&amp;type=image&amp;TB_iframe=1\"><img loading=\"lazy\" decoding=\"async\" class=\"attachment-post-thumbnail size-post-thumbnail\" src=\"https:\/\/legitedisgatt.it\/wp-content\/uploads\/2012\/08\/IMG_4468-1-336x198.jpg\" alt=\"img_4468\" width=\"336\" height=\"198\" \/><\/a><\/p>\n<p class=\"hide-if-no-js\"><a id=\"set-post-thumbnail\" class=\"thickbox\" href=\"https:\/\/legitedisgatt.it\/wp-admin\/media-upload.php?post_id=40&amp;type=image&amp;TB_iframe=1\"><img loading=\"lazy\" decoding=\"async\" class=\"attachment-post-thumbnail size-post-thumbnail\" src=\"https:\/\/legitedisgatt.it\/wp-content\/uploads\/2012\/08\/IMG_4416-448x198.jpg\" alt=\"img_4416\" width=\"448\" height=\"198\" \/><\/a><\/p>\n<p style=\"text-align: justify;\" align=\"center\"><em><span style=\"text-decoration: underline;\">Percorso:<\/span><\/em><\/p>\n<p style=\"text-align: justify;\" align=\"center\">Da Pi\u00e8 Tofana, cui si giunge in auto, il primo tratto della seggiovia porta in pochi minuti sotto il torrione destro di Pomedes ed all&#8217;attacco della via ferrata. Iniziali passaggi esposti, salgono in verticale fino ad un primo ponticello, ove ci si rilassa un p\u00f2 &#8230; quindi alcuni passaggi meno impegnativi portano ad un secondo ponticello &#8230; la salita prosegue poi fino alla cima con minore esposizione pur se con qualche passaggio che necessita di un p\u00f2 di tecnica; la cima domina la vallata (\u00e8 possibile raggiungere una seconda cima, leggermente pi\u00f9 alta,\u00a0 con una breve deviazione di due chidi; qui uno per volta). Quindi una discesa con scaletta e un passaggio orizzontale un p\u00f2 esposto e arrivo al termine della fatica, praticamente all&#8217;altezza dell&#8217;inizio dello <em>schuss. (h. 1,30) <\/em>Da qui al Rif. Pomedes (10 min.), [da cui si pu\u00f2 anche proseguire con l&#8217;Astaldi, descritto di seguito].<\/p>\n<p style=\"text-align: justify;\" align=\"center\">La discesa per la pista da sci e quindi per il sentiero dei camosci (discesa ripida nella parte alta della pista da sci, poi tra i mughi sotto costa, ed infine nel bosco, ancora ripida) che scende costeggiando la montagna e giungendo, dopo circa due ore, a Pi\u00f9 Tofana (h <em>2\/2,15<\/em>).<\/p>\n<p style=\"text-align: justify;\" align=\"center\"><em><span style=\"text-decoration: underline;\">Valutazioni:<\/span> <\/em>ferrata piuttosto impegnativa nella parte inziale perch\u00e8 verticale; certamente non si deve avere paura del vuoto; di soddisfazione per il panorama (il 25.8.16)<\/p>\n<p style=\"text-align: justify;\" align=\"center\"><span style=\"color: #3366ff;\"><em><span lang=\"en\">[total 2 hours &#8211; necessary equipment for via ferrata &#8211; for experts] &#8211; <\/span><span lang=\"en\">path: From Pi\u00e8 Tofana, which can be reached by car, take the chair-lift and in a few minutes will arrive under the right tower of Pomedes and the attack of the via ferrata. Initials exposed passages, rise vertically up to a first bridge, where is possible to relaxes a bit &#8230; then some less demanding passages lead to a second bridge &#8230; the climb then continues up to the top with less exposure although with some passage that requires a bit of technique; the summit overlooking the valley (you can reach a second peak, slightly higher, with a short detour; here one at a time). Then a descent with ladder and a horizontal passage a little exposed and arriving at the end of fatigue, virtually at the start of the &#8220;schuss&#8221;. (h. 1.30) From here to Ref. Pomedes (10 min.), [From which you can also continue with the Astaldi, described below]. <\/span>The descent to the ski slope and then the trail of the chamois going down along the mountain and is reached after about two hours, Pi\u00e8\u00a0 Tofana (h 2 \/ 2.15). &#8211; r<span lang=\"en\">atings: quite challenging in the first part because initial vertically; surely you should not be afraid of the void; satisfaction for the view (done on 8\/25\/16).<\/span><\/em><\/span><\/p>\n<p style=\"text-align: center;\" align=\"center\"><span style=\"color: #3366ff;\"><strong>\u00a7 \u00a7 \u00a7\u00a0 <\/strong><\/span><\/p>\n<p><span style=\"text-decoration: underline;\"><strong>VIII<\/strong> Area:<\/span> Tofane &#8211; Pomedes: <strong>Via ferrata Ra Pegna sul torrione sinistro di Pomedes<\/strong> [<em>1 ora di salita &#8211; totale 1,30 ore &#8211; necessaria attrezzatura da ferrata &#8211; difficolt\u00e0 media<\/em>]<\/p>\n<p><span class=\"Y2IQFc\" lang=\"en\"><span style=\"font-size: 10pt; color: #0000ff;\">Area: Tofane &#8211; Pomedes: Via ferrata Ra Pegna on the left tower of Pomedes [1 hour ascent &#8211; total 1.30 hours &#8211; via ferrata equipment required &#8211; medium difficulty] <\/span><\/span><\/p>\n<p style=\"text-align: justify;\" align=\"center\"><em><span style=\"text-decoration: underline;\">Percorso:\u00a0<\/span><\/em>Da Pi\u00e8 Tofana (m. 1676), dove si giunge in auto, e preso il primo tratto della seggiovia fino al Rifugio Duca d&#8217;Aosta (m. 2098) un breve sentiero porta in pochi minuti sotto il torrione sinistro di Pomedes ed all&#8217;attacco della via ferrata. L&#8217;avvio \u00e8 all&#8217;interno di un canalino e sale senza difficolt\u00e0 fino ad una prima cengia che si supera verso destra; quindi, sullo spigolo, alcuni chiodi esposti salgono in verticale fino ad una nuova cengia verso sinistra (anch&#8217;essa piuttosto esposta) &#8230; quindi la salita prosegue fino alla cima con minore esposizione; la cima domina la vallata. La discesa \u00e8 ancora ferrata per balzi semplici tra stelle alpine, fino ad una scala di 24 pioli che porta al termine della fatica, praticamente all&#8217;altezza dell&#8217;inizio dello <em>schuss. <\/em>Da qui al Rif. Pomedes (15 min.) [da cui si pu\u00f2 proseguire per altre passeggiate].<\/p>\n<p style=\"text-align: justify;\" align=\"center\"><em><span style=\"text-decoration: underline;\">Valutazioni:<\/span> <\/em>ferrata di medio impegno per il passaggio sullo spigolo; piuttosto breve ma certamente non si deve avere paura del vuoto; di soddisfazione per il panorama (effettuata il 25.8.22)<\/p>\n<p style=\"text-align: justify;\" align=\"center\"><span class=\"Y2IQFc\" lang=\"en\"><span style=\"color: #0000ff;\"><em>Route: From Pi\u00e8 Tofana (m. 1676), where you can arrive by car, and taking the first section of the chairlift up to the Duca d&#8217;Aosta Refuge (m. 2098) a short path leads in a few minutes under the left tower of Pomedes and at the start of the via ferrata. The start is inside a gully and climbs without difficulty up to a first ledge which you pass to the right; then, on the edge, some exposed pegs climb vertically up to a new ledge to the left (also quite exposed) &#8230; then the climb continues to the top with less exposure; the top dominates the valley. The descent is still via ferrata for simple jumps between edelweiss, up to a ladder of 24 rungs that leads to the end of the effort, practically at the height of the start of the schuss. From here to Rif. Pomedes (15 min.) [From which you can continue for other walks]. &#8211;\u00a0<\/em><\/span><\/span><span style=\"color: #0000ff;\"><em><span class=\"Y2IQFc\" lang=\"en\">via ferrata of medium difficulty for the passage on the edge; rather short but certainly you shouldn&#8217;t be afraid of emptiness; satisfaction with the panorama (carried out on 25.8.22)<\/span><\/em><\/span><\/p>\n<p align=\"center\">\u00a7 \u00a7 \u00a7<\/p>\n<p style=\"text-align: left;\"><span style=\"text-decoration: underline;\"><strong>IX<\/strong><\/span> <em><span style=\"text-decoration: underline;\">Area<\/span><\/em>: Tofane \u2013 Pomedes \/ Rozes: <strong>1)<\/strong> <strong>Sentiero ferrato Astaldi <\/strong>e <strong>2)<\/strong> <strong>Via ferrata della Grotta di Tofana <\/strong><em><strong>[<\/strong>intera giornata &#8211; necessaria attrezzatura da ferrata; le due vie possono essere fatte separatamente (in circa 4\/5 ore per ciascuna); l&#8217;Astaldi pi\u00f9 facile; la Grotta di Tofana pi\u00f9 impegnativa.\u00a0<\/em><\/p>\n<p style=\"text-align: left;\"><em><span style=\"text-decoration: underline;\">Percorso<\/span><\/em>:<\/p>\n<p style=\"text-align: justify;\"><strong>1)<\/strong>-si giunge con l\u2019automobile a Pi\u00e8 Tofana e da qui con la seggiovia fino al Rif. Pomedes;<\/p>\n<p style=\"text-align: justify;\"><a href=\"https:\/\/legitedisgatt.it\/wp-content\/uploads\/2012\/08\/astaldi.jpg\"><img loading=\"lazy\" decoding=\"async\" class=\"alignleft size-medium wp-image-290\" title=\"astaldi\" src=\"https:\/\/legitedisgatt.it\/wp-content\/uploads\/2012\/08\/astaldi-300x224.jpg\" alt=\"\" width=\"300\" height=\"224\" srcset=\"https:\/\/legitedisgatt.it\/wp-content\/uploads\/2012\/08\/astaldi-300x224.jpg 300w, https:\/\/legitedisgatt.it\/wp-content\/uploads\/2012\/08\/astaldi.jpg 448w\" sizes=\"auto, (max-width: 300px) 100vw, 300px\" \/><\/a>-dal Rif. Pomedes \u00a0si scende sulla sinistra per sent. 421 e, dopo aver perso un po\u2019 di quota, si devia sulla destra per il sentiero ferrato Astaldi che si sviluppa in quota in modo spettacolare;\u00a0 non difficile tecnicamente ma non bisogna soffrire di vertigini poich\u00e8 il sentiero \u00e8 esposto; (1,5 h);<a href=\"https:\/\/legitedisgatt.it\/wp-content\/uploads\/2012\/08\/cortina-agosto-2007-149.jpg\"><img loading=\"lazy\" decoding=\"async\" class=\"alignleft size-medium wp-image-665\" title=\"il sentiero (agosto 2007)\" src=\"https:\/\/legitedisgatt.it\/wp-content\/uploads\/2012\/08\/cortina-agosto-2007-149-300x198.jpg\" alt=\"\" width=\"300\" height=\"198\" srcset=\"https:\/\/legitedisgatt.it\/wp-content\/uploads\/2012\/08\/cortina-agosto-2007-149-300x198.jpg 300w, https:\/\/legitedisgatt.it\/wp-content\/uploads\/2012\/08\/cortina-agosto-2007-149.jpg 448w\" sizes=\"auto, (max-width: 300px) 100vw, 300px\" \/><\/a><\/p>\n<p style=\"text-align: justify;\">\u2013il sentiero termina al ghiaione della Tofana di Rozes e:<\/p>\n<p style=\"text-align: justify;\"><strong><em>i)<\/em><\/strong>si prende sent. 403 sul ghiaione per scendere (m. 2043 slm) fino al \u00a0Rif. Dibona (20-30 min; <em>effettuata il 20.8.15). <\/em>Da qui possibile ritorno a Pi\u00e8 Tofana con il sentiero 405 che si diparte dal rifugio Dibona e scende; al secondo bivio sulla sinistra deviazione che appunto riporta -sempre nei boschi- a Pi\u00e8 Tofana (1h &#8211; <em>effettuata il<\/em> <em>12.8.19<\/em>);<\/p>\n<p style=\"text-align: justify;\"><strong>2) Grotta di Tofana: ii) <\/strong>se si vuole fare provenendo dall&#8217;Astaldi, si sale per il sentiero 403 (Alta Via n. 1) ove si arriva, verso il Rif. Giussani; si sale per circa 15 min.; poco dopo si prenda il 404 (verso il Castelletto), sulla sinistra; si rimane circa in quota fino ad un incrocio con un sentiero che dalla sinistra viene dal Rif. A.Dibona (che \u00e8 numerato ancora 403); dritto si prosegue verso il Castelletto; a destra si prende un sentiero non segnato ma visibile che porta alla ferrata della Grotta di Tofana; <strong>iii)<\/strong> se si vuole fare come gita &#8220;singola&#8221; dal Rif. A. Dibona, ben si pu\u00f2 lasciare quivi la automobile (la strada \u00e8 -ad oggi- sempre aperta in periodo estivo), salendo per strada prima asfaltata poi sterrata. Dal Rifugio (m. 2037 s.l.m.) si prende il sentiero 403 e si mantiene la sinistra; il sentiero si biforca; sulla destra un sentiero largo sale al Giussani; sulla sinistra tra mughi, il &#8220;nostro&#8221; sentiero sale e raggiunge quota 2.300 circa. Il sentiero incrocia il n. 404 che va attraversato per prendere sulla sinistra un sentiero non segnato (dinanzi a noi una piccola targa ricorda caduti della guerra nel 1916). A questo punto si costeggia la Tofana salendo per breve ghiaione, fino a giungere a costeggiare la roccia; proseguendo ancora in salita, il sentiero gira verso destra salendo ancora (su ghiaione franato) ed entrando nella Tofana, fino all&#8217;attacco della ferrata (20 min.). La Ferrata sale sulla prima costa della Rozes e rimane in quota; salvo un paio di passaggi in cui si necessita di un p\u00f2 di tecnica \u00e8 tecnicamente facile ma non bisogna soffrire di vertigini poich\u00e8 \u00e8 esposta;\u00a0 tre tratti di corda portano con un&#8217;ultima salita all&#8217;antro naturale, alto fino a 10 metri (20 min.). La Grotta -pur con attenzione per il terreno scivoloso e con una necessaria torcia- \u00e8 molto grande e pu\u00f2 essere percorsa nella sua interezza grazie ad un percorso attrezzato che fa prima salire e poi ridiscendere in altra cavit\u00e0, che se percorsa per intero riporta all&#8217;entrata della Grotta medesima (20\/30 min anche per vederla bene). Molto interessante e certo niente claustrofobia: il buio \u00e8 intenso e sopra di noi circa 1000 metri di roccia. La ferrata si riprende poi nello stesso senso;\u00a0 attenzione solo ad eventuali incontri con persone che dovessero percorrere la ferrata in senso opposto; il consiglio \u00e8 andare presto di mattina (in tutto 2 h, comode, circa); <a href=\"https:\/\/legitedisgatt.it\/wp-content\/uploads\/2012\/08\/grotta-di-tofana.jpg\"><img loading=\"lazy\" decoding=\"async\" class=\"alignright size-medium wp-image-291\" title=\"panorama dalla grotta di tofana\" src=\"https:\/\/legitedisgatt.it\/wp-content\/uploads\/2012\/08\/grotta-di-tofana-224x300.jpg\" alt=\"\" width=\"224\" height=\"300\" srcset=\"https:\/\/legitedisgatt.it\/wp-content\/uploads\/2012\/08\/grotta-di-tofana-224x300.jpg 224w, https:\/\/legitedisgatt.it\/wp-content\/uploads\/2012\/08\/grotta-di-tofana.jpg 336w\" sizes=\"auto, (max-width: 224px) 100vw, 224px\" \/><\/a><\/p>\n<p>&nbsp;<\/p>\n<p>&nbsp;<\/p>\n<p>&nbsp;<\/p>\n<p>&nbsp;<\/p>\n<p>&nbsp;<\/p>\n<p>&nbsp;<\/p>\n<p>&nbsp;<\/p>\n<p style=\"text-align: justify;\">&#8211;<strong>il ritorno<\/strong> \u00e8 per gli stessi sentieri (404 e\/o 403) per il Rif. Dibona (45 min.);<\/p>\n<p><a href=\"https:\/\/legitedisgatt.it\/wp-content\/uploads\/2012\/08\/stefano-566.jpg\"><img loading=\"lazy\" decoding=\"async\" class=\"alignright size-medium wp-image-1103\" src=\"https:\/\/legitedisgatt.it\/wp-content\/uploads\/2012\/08\/stefano-566-300x225.jpg\" alt=\"\" width=\"300\" height=\"225\" srcset=\"https:\/\/legitedisgatt.it\/wp-content\/uploads\/2012\/08\/stefano-566-300x225.jpg 300w, https:\/\/legitedisgatt.it\/wp-content\/uploads\/2012\/08\/stefano-566.jpg 448w\" sizes=\"auto, (max-width: 300px) 100vw, 300px\" \/><\/a> <a href=\"https:\/\/legitedisgatt.it\/wp-content\/uploads\/2012\/08\/stefano-573.jpg\"><img loading=\"lazy\" decoding=\"async\" class=\"alignright size-medium wp-image-1104\" src=\"https:\/\/legitedisgatt.it\/wp-content\/uploads\/2012\/08\/stefano-573-300x225.jpg\" alt=\"\" width=\"300\" height=\"225\" srcset=\"https:\/\/legitedisgatt.it\/wp-content\/uploads\/2012\/08\/stefano-573-300x225.jpg 300w, https:\/\/legitedisgatt.it\/wp-content\/uploads\/2012\/08\/stefano-573.jpg 448w\" sizes=\"auto, (max-width: 300px) 100vw, 300px\" \/><\/a> <a href=\"https:\/\/legitedisgatt.it\/wp-content\/uploads\/2012\/08\/stefano-578.jpg\"><img loading=\"lazy\" decoding=\"async\" class=\"alignright size-medium wp-image-1105\" src=\"https:\/\/legitedisgatt.it\/wp-content\/uploads\/2012\/08\/stefano-578-300x300.jpg\" alt=\"\" width=\"300\" height=\"300\" srcset=\"https:\/\/legitedisgatt.it\/wp-content\/uploads\/2012\/08\/stefano-578-300x300.jpg 300w, https:\/\/legitedisgatt.it\/wp-content\/uploads\/2012\/08\/stefano-578-150x150.jpg 150w, https:\/\/legitedisgatt.it\/wp-content\/uploads\/2012\/08\/stefano-578.jpg 336w\" sizes=\"auto, (max-width: 300px) 100vw, 300px\" \/><\/a> <a href=\"https:\/\/legitedisgatt.it\/wp-content\/uploads\/2012\/08\/stefano-580.jpg\"><img loading=\"lazy\" decoding=\"async\" class=\"alignright size-medium wp-image-1106\" src=\"https:\/\/legitedisgatt.it\/wp-content\/uploads\/2012\/08\/stefano-580-300x300.jpg\" alt=\"\" width=\"300\" height=\"300\" srcset=\"https:\/\/legitedisgatt.it\/wp-content\/uploads\/2012\/08\/stefano-580-300x300.jpg 300w, https:\/\/legitedisgatt.it\/wp-content\/uploads\/2012\/08\/stefano-580-150x150.jpg 150w, https:\/\/legitedisgatt.it\/wp-content\/uploads\/2012\/08\/stefano-580.jpg 336w\" sizes=\"auto, (max-width: 300px) 100vw, 300px\" \/><\/a><\/p>\n<p style=\"text-align: justify;\">-dal Rif. Dibona:<\/p>\n<p style=\"text-align: justify;\"><strong><em>a)<\/em><\/strong> si scende a Pi\u00e8 Tofana per sent. 403 e poi 405 (1,5 h) [<em>effettuata 24.8.07<\/em>].<\/p>\n<p style=\"text-align: justify;\"><strong><em>b)<\/em><\/strong> si riprende il sent. 404 e, ancora costeggiando la Tofana di Rozes, si giunge fino a forcella Col dei Bos, da cui la discesa su Cason de Rozes (sent. 402; 2,5 h) [<em>effettuata 22.8.97<\/em>].<\/p>\n<p><strong>c)<\/strong> se si ha la macchina al Rifugio Dibona semplicemente si riprende.<\/p>\n<p style=\"text-align: justify;\"><em><span style=\"text-decoration: underline;\">Valutazioni<\/span><\/em>: il Sentiero Astaldi porta in un atmosfera incredibile, offrendo una gita bellissima poich\u00e9 si \u00e8 immersi in formazioni rocciose di colori incredibili \u2013 estremamente panoramica &#8211; necessaria assenza di vertigini poich\u00e9 il sentiero, pur se tecnicamente facile, \u00e8 esposto \u2013 necessaria attrezzatura da ferrata<\/p>\n<p style=\"text-align: justify;\">&#8211; La ferrata alla Grotta necessita invece di maggiore tecnica pur non essendo difficile; sono necessarie le torce per permettere visione e passeggiata all\u2019interno della grotta dove c\u2019\u00e8 un sentiero attrezzato piuttosto sdrucciolevole \u2013 la seconda opzione nel finale allunga di molto la gita e rende pi\u00f9 difficoltoso il ritorno.<\/p>\n<p style=\"text-align: justify;\"><em><span style=\"color: #3366ff;\">Area: Tofane \u2013 Pomedes \/ Rozes: Astaldi assisted path and Grotta di Tofana via ferrata [whole day \u2013 about five hours of walking \u2013 via ferrata equipment required]<\/span><\/em><\/p>\n<p style=\"text-align: justify;\"><em><span style=\"color: #3366ff;\">Route: -Park the car at Pi\u00e8 Tofana and from here take the chairlift to Pomedes Refuge; &#8211; From Pomedes Refuge go down a path on the left (no. 421) and, after dropping a bit in altitude, turn to the right to reach the Astaldi assisted path, which runs along at about the same altitude and is spectacular (2 h); \u2013the path ends on the Tofana di Rozes scree, where you can: i)Take path no. 403 on the scree going down as far as Dibona Refuge (30 mins); from here it is possible to return to Pi\u00e8 Tofana with path 405 which branches off from the Dibona refuge and descends; at the second junction on the left deviation that just brings -always in the woods- to Pi\u00e8 Tofana (1h &#8211; carried out on 12.8.19);\u00a0<\/span><\/em><span class=\"Y2IQFc\" lang=\"en\"><span style=\"color: #3366ff;\"><strong>2) Ferrata Grotta di Tofana<\/strong>: <strong>ii)<\/strong> if you want to do it coming from Astaldi, go up path 403 (Alta Via n. 1) where you arrive, towards the Giussani Refuge; go up for about 15 minutes; shortly after, take the 404 (towards Castelletto), on the left; you remain approximately at altitude up to an intersection with a path that comes from the A.Dibona Refuge on the left (which is still numbered 403); straight on, continue towards the Castelletto; to the right, take an unmarked but visible path that leads to the Grotta di Tofana via ferrata (see below); <strong>iii)<\/strong> if you want to do it as a &#8220;single&#8221; trip from Ref. A. Dibona, you can leave your car there (the road is -today- always open in the summer), going up the road first paved and then dirt. From the Refuge (2037 m a.s.l.) take path 403 and keep to the left; the path forks; on the right a wide path climbs to Giussani; on the left among mountain pines, &#8220;our&#8221; path climbs and reaches an altitude of about 2,300. The path crosses the no. 404 which must be crossed to take an unmarked path on the left (in front of us a small plaque commemorates war dead in 1916). At this point you skirt the Tofana going up a short scree, until you come to skirt the rock; continuing uphill, the path turns right going up again (on collapsed scree) and entering the Tofana, up to the start of the via ferrata (20 min.). The Ferrata climbs the first coast of Rozes and remains at high altitude; except for a couple of passages in which a bit of technique is needed, it is technically easy but one must not suffer from vertigo as it is exposed; three stretches of rope lead with a last climb to the natural cave, up to 10 meters high (20 min.). The Grotto -albeit with attention to the slippery ground and with a necessary torch- is very large and can be covered in its entirety thanks to an equipped path that first leads you up and then back down into another cavity, which if covered in its entirety takes you back to the entrance to the cave itself. Very interesting and certainly not claustrophobic: the oxen is intense and above us about 1000 meters of rock. The via ferrata then resumes in the same direction; attention only to any encounters with people who may have to travel the via ferrata in the opposite direction; the advice is to go early in the morning (about 2 hours in total<\/span>);<\/span><\/p>\n<p style=\"text-align: justify;\"><em><span style=\"color: #3366ff;\">&#8211; Return by the same path to Dibona Refuge (45 mins);\u00a0&#8211; From Dibona Refuge: a) Descend to Pi\u00e8 Tofana by path no. 403 and then 405 (1h30) [carried out on 24.o8.07]. &#8211; b) Continue on path no. 404 and, still skirting Tofana di Rozes, you will get to Col dei Bos pass, from which you descend to Cason de Rozes (path no. 402; 2h30) [carried out on 22.08.97].<\/span><\/em><\/p>\n<p style=\"text-align: justify;\"><em><span style=\"color: #3366ff;\">Assessment: The atmosphere on the Astaldi Path is hard to believe. It offers you a wonderful trek because you are surrounded by rock formations with incredible colours \u2013 extremely fine views \u2013 you need a head for heights as the path, even if technically simple, has some steep drops \u2013 via ferrata equipment required. &#8211; The Grotta via ferrata instead requires a greater technical capacity even if it is not difficult; you need torches to be able to see and walk inside the cave, where there is a rather slippery assisted path. The second option in the final section makes the walk much longer and makes getting back harder.\u00a0\u00a0\u00a0<\/span><\/em><\/p>\n<p align=\"center\"><strong>\u00a7\u00a0 \u00a7\u00a0 \u00a7<\/strong><\/p>\n<p style=\"text-align: justify;\"><strong><span style=\"text-decoration: underline;\">X <\/span><\/strong><em><span style=\"text-decoration: underline;\">Area<\/span><\/em>: Tofane \u2013 <strong>Cima Tofana di Rozes<\/strong>\u00a0 <em>[intera giornata &#8211; sette ore di cammino; per esperti ed allenati]<\/em><\/p>\n<p style=\"text-align: justify;\"><em><span style=\"text-decoration: underline;\"><a href=\"https:\/\/legitedisgatt.it\/wp-content\/uploads\/2012\/08\/cima-rozes2.jpg\"><img loading=\"lazy\" decoding=\"async\" class=\"alignleft size-medium wp-image-589\" title=\"cima rozes by G. Menardi, notturna solitaria estate 2006\" src=\"https:\/\/legitedisgatt.it\/wp-content\/uploads\/2012\/08\/cima-rozes2-300x233.jpg\" alt=\"\" width=\"300\" height=\"233\" srcset=\"https:\/\/legitedisgatt.it\/wp-content\/uploads\/2012\/08\/cima-rozes2-300x233.jpg 300w, https:\/\/legitedisgatt.it\/wp-content\/uploads\/2012\/08\/cima-rozes2.jpg 432w\" sizes=\"auto, (max-width: 300px) 100vw, 300px\" \/><\/a>Percorso<\/span><\/em>:<\/p>\n<p style=\"text-align: justify;\">-si giunge al \u00a0Rif. Dibona in automobile dove si parcheggia e da qui si procede a piedi;<\/p>\n<p style=\"text-align: justify;\">-da qui si sale al Rif. Giussani, su sentiero molto battuto ma su ghiaione piuttosto ripido (sent. 403; 550 m. di dislivello in salita; 1,15\/1,30 h);<\/p>\n<p style=\"text-align: justify;\">\u00a0-da qui si prende il sentiero per Cima Rozes, che sale fino alle Tre Dita (ove giunge da altra via, la ferrata Lipella) a circa 3.000 m. s.l.m.;<\/p>\n<p style=\"text-align: justify;\"><a href=\"https:\/\/legitedisgatt.it\/wp-content\/uploads\/2012\/08\/tofana-di-rozes-da-Averau.jpg\"><img loading=\"lazy\" decoding=\"async\" class=\"alignleft size-medium wp-image-295\" title=\"tofana di rozes da Averau\" src=\"https:\/\/legitedisgatt.it\/wp-content\/uploads\/2012\/08\/tofana-di-rozes-da-Averau-224x300.jpg\" alt=\"\" width=\"224\" height=\"300\" srcset=\"https:\/\/legitedisgatt.it\/wp-content\/uploads\/2012\/08\/tofana-di-rozes-da-Averau-224x300.jpg 224w, https:\/\/legitedisgatt.it\/wp-content\/uploads\/2012\/08\/tofana-di-rozes-da-Averau.jpg 336w\" sizes=\"auto, (max-width: 224px) 100vw, 224px\" \/><\/a>-da qui l\u2019ultimo tratto di sentiero piuttosto esposto che porta alla vetta della Tofana di Rozes a m. 3.225 \u00a0(dal Giussani, circa 700 m. di dislivello in salita; 2,5\/3 h);<\/p>\n<p style=\"text-align: justify;\">\u2013 ritorno per lo stesso sentiero al Rif. Dibona (3 h).<\/p>\n<p style=\"text-align: justify;\"><em><span style=\"text-decoration: underline;\">Valutazioni<\/span><\/em>: Dovendo salire fino alla cima, che, ovviamente, \u00e8 esposta e molto ventosa, \u00e8 necessario un tempo bello ed una partenza all\u2019alba, sia per la temperatura e dunque per la fatica, sia per non avere nuvole in vetta ed una cattiva visibilit\u00e0 che potrebbe nascondere il sentiero (in tale ipotesi \u00a0si deve tornare indietro) &#8211; Si necessita di passo sicuro e assenza di vertigini nonch\u00e9, per il dislivello in salita ed in discesa, di un buon allenamento \u2013 la cima, con grande croce, fornisce sensazioni uniche ed entusiasmanti che rimangono indelebili nella mente; il suggerimento, per godere l\u2019ambiente, \u00e8 di essere in pochi e omogenei nel passo [<em>effettuata 13.8.90; 20.8.93<\/em>].<\/p>\n<p style=\"text-align: justify;\"><em><span style=\"color: #3366ff;\">Area: Tofane \u2013 Cima Tofana di Rozes\u00a0 [whole day &#8211; seven hours of walking]<\/span><\/em><\/p>\n<p style=\"text-align: justify;\"><em><span style=\"color: #3366ff;\">Route: -Park at Dibona Refuge and from here continue on foot; &#8211; Climb up to Giussani Refuge, on a path where there is a lot of traffic but passing over a rather steep scree (path no. 403; 550 m. increase in altitude; 1h15\/1h30);\u00a0\u00a0-From here take the path for Cima Rozes, which climbs up to Tre Dita (where you meet the Lipella via ferrata coming from another direction) at about 3,000 m. above sea level; -From here the last stretch of the path has some rather steep drops and takes you to the top of Tofana di Rozes at 3.225 \u00a0m. (from Giussani refuge about 700 m. increase in altitude; 2h30\/3h00); \u2013 Go back the same way to Dibona Refuge (3h).<\/span><\/em><\/p>\n<p style=\"text-align: justify;\"><em><span style=\"color: #3366ff;\">Assessment: Given that you need to get to the top, which is of course exposed and very windy, this needs to be done with good weather and you also need to leave at dawn, both because of the cold temperature and therefore the risk of fatigue, and also in order to not find clouds at the top and a poor visibility, which could conceal the route (in which case you should turn back) \u2013 You need a steady step and a head for heights and, not least, given the difference in altitude both going up and coming down, you need to be pretty fit \u2013 the summit, with a big cross, provides some unique, thrilling and unforgettable sensations; a suggestion: to enjoy the surroundings it is better to be only a small group, with a similar walking speed [carried out on 13.08.90; 20.08.93].<\/span><\/em><\/p>\n<p align=\"center\"><strong>\u00a7\u00a0 \u00a7\u00a0 \u00a7<\/strong><\/p>\n<p style=\"text-align: justify;\"><span style=\"text-decoration: underline;\"><strong>XI<\/strong><\/span> <em><span style=\"text-decoration: underline;\">Area<\/span><\/em>: Tofane \u2013 Rozes \/ Col dei Bos \u2013 <strong>Ferrata della Galleria del Castelletto <\/strong><em>[intera giornata \u2013 quattro ore circa di cammino \u2013 necessaria attrezzatura da ferrata]<\/em><\/p>\n<p style=\"text-align: justify;\"><em>I percorsi di avvicinamento sono due<\/em>:<\/p>\n<p style=\"text-align: justify;\"><strong><em>a)<\/em><\/strong> si giunge al \u00a0Rif. Dibona in automobile dove si parcheggia e da qui si procede a piedi;<\/p>\n<p style=\"text-align: justify;\">-si prende sentiero 403 in direzione del Rif. Giussani (45 min.), fino\u00a0 ad un bivio sulla sin. per sent. 404, per la Grotta di Tofana;\u00a0-si prosegue invece e si costeggia la base della Tofana di Rozes fino all\u2019attacco per la ferrata della Grotta di Tofana (che se si vuole si pu\u00f2 fare come variante);<\/p>\n<p style=\"text-align: justify;\">ovvero<\/p>\n<p style=\"text-align: justify;\">-si prende direttamente il sentiero 404, che sale diagonalmente ed in modo ripido, fin sotto la Tofana di Rozes (45 min.);<\/p>\n<p style=\"text-align: justify;\">a questo punto si prosegue sul sentiero 404, in costa, fino al segnale dell\u2019attacco della Ferrata del Castelletto, cui si giunge prendendo un bivio in salita sulla destra, fino alla roccia (15 min);<\/p>\n<p><a href=\"https:\/\/legitedisgatt.it\/wp-content\/uploads\/2012\/08\/attaco-della-galleria.jpg\"><img loading=\"lazy\" decoding=\"async\" class=\"alignright size-medium wp-image-1072\" src=\"https:\/\/legitedisgatt.it\/wp-content\/uploads\/2012\/08\/attaco-della-galleria-300x300.jpg\" alt=\"\" width=\"300\" height=\"300\" srcset=\"https:\/\/legitedisgatt.it\/wp-content\/uploads\/2012\/08\/attaco-della-galleria-300x300.jpg 300w, https:\/\/legitedisgatt.it\/wp-content\/uploads\/2012\/08\/attaco-della-galleria-150x150.jpg 150w, https:\/\/legitedisgatt.it\/wp-content\/uploads\/2012\/08\/attaco-della-galleria.jpg 336w\" sizes=\"auto, (max-width: 300px) 100vw, 300px\" \/><\/a> <a href=\"https:\/\/legitedisgatt.it\/wp-content\/uploads\/2012\/08\/trincee-italiane.jpg\"><img loading=\"lazy\" decoding=\"async\" class=\"alignright size-medium wp-image-1073\" src=\"https:\/\/legitedisgatt.it\/wp-content\/uploads\/2012\/08\/trincee-italiane-300x300.jpg\" alt=\"\" width=\"300\" height=\"300\" srcset=\"https:\/\/legitedisgatt.it\/wp-content\/uploads\/2012\/08\/trincee-italiane-300x300.jpg 300w, https:\/\/legitedisgatt.it\/wp-content\/uploads\/2012\/08\/trincee-italiane-150x150.jpg 150w, https:\/\/legitedisgatt.it\/wp-content\/uploads\/2012\/08\/trincee-italiane.jpg 336w\" sizes=\"auto, (max-width: 300px) 100vw, 300px\" \/><\/a> <a href=\"https:\/\/legitedisgatt.it\/wp-content\/uploads\/2012\/08\/uscita-dalla-galleria-sulla-travenanzes.jpg\"><img loading=\"lazy\" decoding=\"async\" class=\"alignright size-medium wp-image-1074\" src=\"https:\/\/legitedisgatt.it\/wp-content\/uploads\/2012\/08\/uscita-dalla-galleria-sulla-travenanzes-300x300.jpg\" alt=\"\" width=\"300\" height=\"300\" srcset=\"https:\/\/legitedisgatt.it\/wp-content\/uploads\/2012\/08\/uscita-dalla-galleria-sulla-travenanzes-300x300.jpg 300w, https:\/\/legitedisgatt.it\/wp-content\/uploads\/2012\/08\/uscita-dalla-galleria-sulla-travenanzes-150x150.jpg 150w, https:\/\/legitedisgatt.it\/wp-content\/uploads\/2012\/08\/uscita-dalla-galleria-sulla-travenanzes.jpg 336w\" sizes=\"auto, (max-width: 300px) 100vw, 300px\" \/><\/a><\/p>\n<p style=\"text-align: justify;\"><strong><em>b)<\/em><\/strong> si lascia l\u2019automobile a Cason de Rozes, sulla \u00a0strada per il Falzarego e non molto dopo il bivio per il Rif. Dibona;<\/p>\n<p style=\"text-align: justify;\">-si sale a piedi alla forcella Col dei Bos (sent. 402; 500 m. di dislivello in salita; \u00a01,5 h);<\/p>\n<p style=\"text-align: justify;\">&#8211; poi salita per sent. 404, alla Ferrata del Castelletto Galleria;<\/p>\n<p style=\"text-align: justify;\">* L&#8217;attacco della Galleria \u00e8 ripido ma aiutato da scalette; quindi si entra nella Galleria che \u00e8 in forte salita; l&#8217;interno, buio, \u00a0sale anche con scalini in modo piuttosto ripido; dopo circa 15 min., si supera una apertura sulla destra (che porta al Castelletto, ma qui il sentiero non \u00e8 pi\u00f9 segnato) e si prosegue per qualche minuto fino all&#8217;uscita sulla parete della Tofana; da qui brevemente si scende in ghiaione.<\/p>\n<p style=\"text-align: justify;\"><em>Terminata la Galleria<\/em> si scende per tracce di sentiero, e si aggira il Castelletto -tramite un sentiero in parte attrezzato- verso la Val Travenanzes, e da qui brevemente alla Forcella Col dei Bos (1,5 h).<\/p>\n<p style=\"text-align: justify;\">Il ritorno \u00e8 per il sentiero 404 (1,5 h).<\/p>\n<p style=\"text-align: justify;\"><em><span style=\"text-decoration: underline;\">Valutazione<\/span>: <\/em>la Galleria<em> \u00e8 <\/em>molto interessante; panoramico l&#8217;avvicinamento; belli i baraccamenti ben conservati, anche in Val Travenanzes &#8211; necessita di attrezzatura da ferrata, passo fermo e di lampade [<em>effettuata 7.8.15<\/em>]. \u00a0<em>\u00a0<\/em><\/p>\n<p style=\"text-align: justify;\"><em><span style=\"color: #3366ff;\">Area: Tofane \u2013 Rozes \/ Col dei Bos \u2013Castelletto Tunnel Via Ferrata [whole day \u2013 about four hours of walking \u2013 via ferrata equipment required] &#8212;\u00a0To get to the via ferrata there are two routes: &#8211; a) Park at Dibona Refuge and from here continue on foot; &#8211; Take path no. 403 in the direction of Giussani Refuge (45 mins) until you get to a junction on the left for path no. 404, going to \u201cGrotta di Tofana\u201d (Tofana Cave); &#8211; Skirt round the bottom of Tofana di Rozes until you get to the start of the Grotta di Tofana via ferrata; &#8211; Continue as far as the start of the Castelletto Via Ferrata; b) Park at Cason de Rozes, on the road for the Falzarego Pass and not long after the junction for Dibona Refuge; &#8211; Climb on foot to the Col dei Bos Pass (path no. 402; 500 m. of increase in altitude; \u00a01h30); &#8211; Then continue going up by path no. 404 to the Castelletto Tunnel via ferrata; &#8211; After the Tunnel descend following traces of a path as far as Col dei Bos Pass and return to the start from here. &#8211;\u00a0Assessment: The Tunnel is very interesting for the well-preserved huts of First World War \u2013 requires via ferrata equipment, a steady step and torches. \u00a0\u00a0<\/span><\/em><\/p>\n<p style=\"text-align: center;\" align=\"center\"><strong>\u00b0\u00a0 \u00b0\u00a0 \u00b0<\/strong><\/p>\n<p style=\"text-align: justify;\"><span style=\"text-decoration: underline;\"><strong>XII<\/strong><\/span> <em><span style=\"text-decoration: underline;\">Area<\/span><\/em>: Tofane \u2013 Rozes \/ Col dei Bos <strong>Via Ferrata Lipella<\/strong> \u2013<em>[intera giornata \u2013 otto ore circa di cammino \u2013 necessaria attrezzatura da ferrata \u2013 per esperti] <\/em><\/p>\n<p style=\"text-align: justify;\"><em><span style=\"text-decoration: underline;\">Percorso<\/span><\/em><\/p>\n<p style=\"text-align: justify;\">Si lascia l\u2019automobile a Cason de Rozes, sulla \u00a0strada per il Falzarego e non molto dopo il bivio per il Rif. Di Bona;<\/p>\n<p style=\"text-align: justify;\">-si sale a piedi alla forcella Col dei Bos (sent. 402; 500 m. di dislivello in salita; \u00a01,5 h);<\/p>\n<p style=\"text-align: justify;\">&#8211; poi salita per sent. 404, alla Ferrata del Castelletto Galleria;<\/p>\n<p style=\"text-align: justify;\">&#8211; all\u2019uscita della Galleria, invece di deviare a sin. per il Col dei Bos, si prosegue per la Via Ferrata Lipella che sale per la parete della Tofana di Rozes (dal lato della Val \u00a0Travenanzes), e giunge alle Tre Dita a circa 3.000 m. s.l.m.;<\/p>\n<p style=\"text-align: justify;\">-da qui l\u2019ultimo tratto di sentiero piuttosto esposto che porta alla vetta della Tofana di Rozes a m. 3.225 (45 min);<\/p>\n<p style=\"text-align: justify;\">-ritorno al Rif. Giussani, e quindi al Rif. Di Bona (2\/3 h).<\/p>\n<p style=\"text-align: justify;\"><em><span style=\"text-decoration: underline;\">Valutazione<\/span><\/em>: Gita spettacolare che sale \u2013per un tratto- a precipizio sulla Travenanzes; \u00e8 ferrata difficile per la quale serve assoluta assenza di vertigini, buon allenamento e forma fisica, anche per la sua lunghezza.<\/p>\n<p style=\"text-align: justify;\"><em><span style=\"color: #3366ff;\">Area: Tofane \u2013 Rozes \/ Col dei Bos Lipella Via Ferrata \u2013[whole day \u2013 about eight hours of walking \u2013 via ferrata equipment required\u2013 for experts] &#8212;\u00a0Route: &#8211; Park at Cason de Rozes, on the road for the Falzarego Pass and not long after the junction for Dibona Refuge; &#8211; Climb on foot to the Col dei Bos Pass (path no. 402; 500 m. of increase in altitude; \u00a01h30); &#8211; Then continue going up by path no. 404 to the Castelletto Tunnel via ferrata; &#8211; When you come out of the tunnel, instead of turning left for Col dei Bos, continue on the Lipella Via Ferrata, which climbs up the face of Tofana di Rozes (from the Val Travenanzes side), and you will come to Tre Dita at about 3.000 m. above sea level; &#8211; From here there is a final stretch of path with some rather steep drops which takes you to the summit of Tofana di Rozes at 3.225 m altitude (45 mins); &#8211; Return to Giussani Refuge and then to Dibona Refuge (2\/3 h). &#8211;\u00a0Assessment: Spectacular walk with a section that climbs with a sheer drop over the Travenanzes valley; the via ferrata is difficult, so that a head for heights and a good level of training and physical fitness are absolutely essential, not least because it is long.<\/span><\/em><\/p>\n<p align=\"center\"><strong>\u00a7\u00a0 \u00a7\u00a0 \u00a7<\/strong><\/p>\n<p style=\"text-align: justify;\"><span style=\"text-decoration: underline;\"><strong>XIII<\/strong><\/span> <em><span style=\"text-decoration: underline;\">Area<\/span><\/em>: Tofane &#8211; <strong>Col dei Bos<\/strong>\u00a0 <em>[intera giornata o di notte <\/em>&#8211; <em>gita per tutti \u2013 da una a tre\/quattro ore ; si veda anche la sez. Falzarego]<\/em><\/p>\n<p style=\"text-align: justify;\"><em><span style=\"text-decoration: underline;\">Percorso<\/span><\/em>:<\/p>\n<p style=\"text-align: justify;\"><strong><em>a) <\/em><\/strong>si giunge (sulla strada del Falzarego, prima del Col Gallina)\u00a0alla Capanna Strobel in automobile e qui si parcheggia;<\/p>\n<p style=\"text-align: justify;\"><a href=\"https:\/\/legitedisgatt.it\/wp-content\/uploads\/2012\/08\/partenza.jpg\"><img loading=\"lazy\" decoding=\"async\" class=\"alignleft size-medium wp-image-819\" title=\"il parcheggio sulla strada del Falzarego per la partenza (by Paolo Cavazzoni)\" src=\"https:\/\/legitedisgatt.it\/wp-content\/uploads\/2012\/08\/partenza-300x199.jpg\" alt=\"\" width=\"300\" height=\"199\" srcset=\"https:\/\/legitedisgatt.it\/wp-content\/uploads\/2012\/08\/partenza-300x199.jpg 300w, https:\/\/legitedisgatt.it\/wp-content\/uploads\/2012\/08\/partenza.jpg 448w\" sizes=\"auto, (max-width: 300px) 100vw, 300px\" \/><\/a>-quindi a piedi <em>verso<\/em> Col dei Bos (m. 2303 slm): salita ed al bivio Boscato sulla destra si segue il sentiero 423, fino ai baraccamenti italiani della 1\u00b0 Guerra Mondiale (il noto Ospedale del 1917); ritorno per la stessa strada (1,5 h complessive)<\/p>\n<p><em><strong>b)<\/strong><\/em> si parcheggia al Cason de Rozes sulla strada per il Falzarego (m. 1843 slm); la comoda e graduale salita per carrareccia (sent. 402), giunge al bivio per sent. n. 423; qui 1) la possibilit\u00e0 di girare a sinistra per giungere seguendo appunto il n. 423 con carrareccia in salita ai baraccamenti italiani (il noto Ospedale del 1917) di cui alla lett. a) che precede; 2) proseguire la carrareccia in salita, passando attraverso la galleria del 1917 fino ad una prima terrazza; poi il sentiero sale ancora verso la forcella Col dei Bos (m. 2303 s.l.m.; sent. 402); poco sotto la forcella, salendo a sinistra, baraccamenti ben mimetizzati cui si accede con tracce di sentiero che meritano una visita [500 m. di dislivello in salita e poi in discesa (2,5 h complessive);<\/p>\n<p style=\"text-align: justify;\"><em><strong>c) <\/strong><\/em>si parcheggia al Cason de Rozes sulla strada per il Falzarego; la salita alla forcella Col dei Bos per sent. 402; 500 m. di dislivello in salita (vedi descrizione che precede) &#8211; poi sent. 404 in quota sotto Tofana di Rozes \u2013 sent. 403 discesa al Rif. Dibona (in questo caso organizzare automobili per il ritorno).<\/p>\n<p style=\"text-align: justify;\"><a href=\"https:\/\/legitedisgatt.it\/wp-content\/uploads\/2012\/08\/lagazuoi-da-col-de-bos.jpg\"><img loading=\"lazy\" decoding=\"async\" class=\"alignleft size-medium wp-image-821\" title=\"il Rifugio Lagazuoi da Col de Bos (by Paolo Cavazzoni) \" src=\"https:\/\/legitedisgatt.it\/wp-content\/uploads\/2012\/08\/lagazuoi-da-col-de-bos-300x199.jpg\" alt=\"\" width=\"300\" height=\"199\" srcset=\"https:\/\/legitedisgatt.it\/wp-content\/uploads\/2012\/08\/lagazuoi-da-col-de-bos-300x199.jpg 300w, https:\/\/legitedisgatt.it\/wp-content\/uploads\/2012\/08\/lagazuoi-da-col-de-bos.jpg 448w\" sizes=\"auto, (max-width: 300px) 100vw, 300px\" \/><\/a><\/p>\n<p style=\"text-align: justify;\"><em><span style=\"text-decoration: underline;\">Valutazioni<\/span><\/em>: Lo scenario \u00e8 bello ed alla forcella si ha un bel panorama sul Lagazuoi e sulla valle sottostante\u00a0\u2013 belli anche i baraccamenti \u00a0[<em>effettuata di giorno 17.8.90; 20.8.94; 21.7.99; 25.8.01; b) 18.8.15; 8.8.19; 24.8.20; 2.6 e 10-8.21, 16.8.23; con deviazione verso l&#8217;ospedale del 1917 (b1) il 23.10.20, in splendida cornice innevata e il\u00a0 9.8.23<\/em>].<\/p>\n<p style=\"text-align: justify;\"><em><span style=\"text-decoration: underline;\"><a href=\"https:\/\/legitedisgatt.it\/wp-content\/uploads\/2012\/08\/croda-da-lago-e-5-torri-da-forcella-col-dei-bos-ore-030-del-26-8-12.jpg\"><img loading=\"lazy\" decoding=\"async\" class=\"alignleft size-medium wp-image-523\" title=\"croda da lago e 5 torri da forcella col dei bos ore 0,30 del 26-8-12; foto by Giuseppe Menardi\" src=\"https:\/\/legitedisgatt.it\/wp-content\/uploads\/2012\/08\/croda-da-lago-e-5-torri-da-forcella-col-dei-bos-ore-030-del-26-8-12-300x200.jpg\" alt=\"\" width=\"300\" height=\"200\" srcset=\"https:\/\/legitedisgatt.it\/wp-content\/uploads\/2012\/08\/croda-da-lago-e-5-torri-da-forcella-col-dei-bos-ore-030-del-26-8-12-300x200.jpg 300w, https:\/\/legitedisgatt.it\/wp-content\/uploads\/2012\/08\/croda-da-lago-e-5-torri-da-forcella-col-dei-bos-ore-030-del-26-8-12.jpg 448w\" sizes=\"auto, (max-width: 300px) 100vw, 300px\" \/><\/a>Il massimo per Col de Bos \u00e8 <\/span><strong>by night (o all\u2019alba)<\/strong><\/em> perch\u00e9 la gita in notturna ha un altissimo contenuto emotivo e, immersi nel silenzio, pare di camminare in un mondo dove si \u00e8 ospiti \u2013 ognuno fa le riflessioni che ritiene ma si rimane ammirati dalla bellezza della notte specie qui sotto le rocce della Tofana, con chiari colori e forme sorprendenti &#8211; un panorama notturno bellissimo, alcune volte con tappeti di nubi al di sotto di noi &#8211; la strada fino alla forcella \u00e8 carrozzabile cosicch\u00e9, se effettuata con la luna, l\u2019ascesa non necessita di torce (che \u00e8 comunque opportuno portare, ed accendere all\u2019occorrenza; \u00e8 necessario abituare gli occhi al buio, per vedere come gli animali, altrimenti la magia e le opportunit\u00e0 di incontri appunto con animali, cessa) \u2013 frequentissimi incontri con camosci, marmotte e volpi \u2013 la prosecuzione al Dibona consente una visuale sulla valle pi\u00f9 ampia e emozioni pi\u00f9 lunghe [<em>effettuata il 8.8.89 all\u2019alba; effettuata nella notte tra il <\/em>20 <em>ed il 21 agosto 1994 dalle 10,15 alle 01.15, quando si \u00e8 visto il leggendario \u201cvolto di Rozes\u201d, con una indimenticabile esperienza; il 25.8.01, di notte senza luna ma con molte stelle; il 26.8.12 dalle 23 alle 02, con tutta la famiglia e con camosci:\u00a0splendide sensazioni con una luna che illuminava a giorno specialmente una volta\u00a0in sella].<\/em><\/p>\n<p style=\"text-align: justify;\"><em><span style=\"color: #3366ff;\">Area: Tofane &#8211; Col dei Bos\u00a0 [whole day or at night \u2013 walk for everybody \u2013 three\/four hours \u00a0]<\/span><\/em><\/p>\n<p style=\"text-align: justify;\"><em><span style=\"color: #3366ff;\">Possible routes: a) Park at \u201cCapanna Strobel\u201d (Strobel Hut; on the right to Falzarego Pass, just before Col Gallina Refuge); &#8211; Then on foot towards Col dei Bos: climbing till \u201cbivio Boscato\u201d, \u00a0take the right on path no. 412 reach \u00a0the Italian huts (1st World War); return from the same route (1h30, in total); &#8211; b) Park at Cason de Rozes on the road going to the Falzarego Pass and climb to the Col dei Bos on path no. 402; 500 m. increase in altitude and then descending (2h30 in total); &#8211; c) Park at Cason de Rozes on the road going to the Falzarego Pass and climb to the Col dei Bos on path no. 402; 500 m. increase in altitude (1h30); &#8211; then path no. 404 staying at about the same altitude under Tofana di Rozes \u2013 by path no. 403 descend to Dibona Refuge (in this case organise car for going back). &#8211;\u00a0Assessment: Nice scenery and a good view at the pass \u2013 the huts of the 1st world war are interesting too \u00a0[carried out, in the day-time, on 17.08.90; 20.08.94; 21.07.99; 25.08.01]. &#8211; But the best way to visit Col de Bos is by night (or at dawn) because a night trek here is very stimulating and, in the midst of the silence, it is like walking in a world where you are a guest \u2013 everyone can think as he likes but one remains stunned by the beauty of the night especially here below the rocks of the Tofana, with their light colours and surprising shapes- a really beautiful night scene, at times with carpets of cloud below us \u2013 the route to the pass is a track so that, if carried out with moonlight, the climb does not require torches (which, however, it is better to take with you and turn on if necessary; one needs to accustom one\u2019s eyes to the dark, to see like the animals, otherwise there is no more magic and no more possibility of meeting, precisely, animals) \u2013 you will very frequently come across chamois, marmots and foxes \u2013 the continuation as far as Dibona Refuge provides a more panoramic view of the valley and more long-lasting sensations [carried out on 08.08.89 at dawn; carried out at night between 20.08.94 and 21.08.94 from 10.15 p.m. until 1.15 a.m., when we saw the legendary Rozes \u201cFace\u201d, an unforgettable experience; on 25.08.01, at night without a moon but with a sky full of stars; on 26.08.12 from 11.00 p.m. to 2.00 a.m. with the whole family and the company of chamois:\u00a0wonderful sensations with a moonlight that made it seem like day-time, especially once we were at the pass].<\/span><\/em><\/p>\n<p align=\"center\"><strong>\u00a7\u00a0 \u00a7\u00a0 \u00a7<\/strong><\/p>\n<p><strong><span style=\"text-decoration: underline;\">XIV <\/span><\/strong><em><span style=\"text-decoration: underline;\">Area<\/span><\/em>: Tofane &#8211; <strong>Via Ferrata degli Alpini a Col dei Bos <\/strong>\u00a0\u00a0<em>[intera giornata &#8211; quattro ore di cammino\u00a0 \u2013 necessaria attrezzatura da ferrata &#8211; per esperti]<\/em><\/p>\n<p><em><span style=\"text-decoration: underline;\">Percorso<\/span><\/em>:<\/p>\n<p><strong><em>&#8211; <\/em><\/strong>si giunge (sulla strada del Falzarego, prima del Col Gallina) alla Capanna Strobel in automobile e qui si parcheggia;<\/p>\n<p><a href=\"https:\/\/legitedisgatt.it\/wp-content\/uploads\/2012\/08\/col-de-bos1.jpg\"><img loading=\"lazy\" decoding=\"async\" class=\"alignleft size-medium wp-image-272\" title=\"col de bos spigolo della ferrata\" src=\"https:\/\/legitedisgatt.it\/wp-content\/uploads\/2012\/08\/col-de-bos1-300x200.jpg\" alt=\"\" width=\"300\" height=\"200\" srcset=\"https:\/\/legitedisgatt.it\/wp-content\/uploads\/2012\/08\/col-de-bos1-300x200.jpg 300w, https:\/\/legitedisgatt.it\/wp-content\/uploads\/2012\/08\/col-de-bos1.jpg 448w\" sizes=\"auto, (max-width: 300px) 100vw, 300px\" \/><\/a><\/p>\n<p style=\"text-align: justify;\">-quindi a piedi verso Col dei Bos: salita ed al bivio Boscato sulla destra si segue il sentiero 412, fino ai baraccamenti italiani della 1\u00b0 Guerra Mondiale;<\/p>\n<p>verso Col dei Bos: salita e bivio Boscato per sentiero 412, ai baraccamenti italiani;<\/p>\n<p><a href=\"https:\/\/legitedisgatt.it\/wp-content\/uploads\/2012\/08\/L1004134.jpg\"><img loading=\"lazy\" decoding=\"async\" class=\"alignleft size-medium wp-image-811\" title=\"panorama sui baraccamenti dalla ferrata (by Paolo Cavazzoni)\" src=\"https:\/\/legitedisgatt.it\/wp-content\/uploads\/2012\/08\/L1004134-300x199.jpg\" alt=\"\" width=\"300\" height=\"199\" srcset=\"https:\/\/legitedisgatt.it\/wp-content\/uploads\/2012\/08\/L1004134-300x199.jpg 300w, https:\/\/legitedisgatt.it\/wp-content\/uploads\/2012\/08\/L1004134.jpg 448w\" sizes=\"auto, (max-width: 300px) 100vw, 300px\" \/><\/a><\/p>\n<p style=\"text-align: justify;\"><a href=\"https:\/\/legitedisgatt.it\/wp-content\/uploads\/2012\/08\/attacco-ferrata.jpg\"><img loading=\"lazy\" decoding=\"async\" class=\"alignleft size-medium wp-image-271\" title=\"attacco ferrata\" src=\"https:\/\/legitedisgatt.it\/wp-content\/uploads\/2012\/08\/attacco-ferrata-300x200.jpg\" alt=\"\" width=\"300\" height=\"200\" srcset=\"https:\/\/legitedisgatt.it\/wp-content\/uploads\/2012\/08\/attacco-ferrata-300x200.jpg 300w, https:\/\/legitedisgatt.it\/wp-content\/uploads\/2012\/08\/attacco-ferrata.jpg 448w\" sizes=\"auto, (max-width: 300px) 100vw, 300px\" \/><\/a><\/p>\n<p style=\"text-align: justify;\">-poco oltre c\u2019\u00e8 l\u2019attacco della ferrata che sale sullo spigolo del Col dei Bos in modo piuttosto verticale e con un solo\u00a0momento di qualche minuto di\u00a0pausa a circa met\u00e0;<\/p>\n<p style=\"text-align: justify;\">ci sono comunque molti\u00a0appoggi (dislivello 400 m.; 2,5 h), e si giunge\u00a0su un bel prato in quota;<\/p>\n<p style=\"text-align: justify;\"><a href=\"https:\/\/legitedisgatt.it\/wp-content\/uploads\/2012\/08\/il-prato-in-cima.jpg\"><img loading=\"lazy\" decoding=\"async\" class=\"alignleft size-medium wp-image-806\" title=\"il prato in cima (by Paolo Cavazzoni)\" src=\"https:\/\/legitedisgatt.it\/wp-content\/uploads\/2012\/08\/il-prato-in-cima-300x199.jpg\" alt=\"\" width=\"300\" height=\"199\" srcset=\"https:\/\/legitedisgatt.it\/wp-content\/uploads\/2012\/08\/il-prato-in-cima-300x199.jpg 300w, https:\/\/legitedisgatt.it\/wp-content\/uploads\/2012\/08\/il-prato-in-cima.jpg 448w\" sizes=\"auto, (max-width: 300px) 100vw, 300px\" \/><\/a><\/p>\n<p style=\"text-align: justify;\">-si scende poi sulla sin. per sentiero in un canalino \u2013parallelo alla salita- che riporta ai baraccamenti;<\/p>\n<p style=\"text-align: justify;\"><a href=\"https:\/\/legitedisgatt.it\/wp-content\/uploads\/2012\/08\/canalino-di-discesa.jpg\"><img loading=\"lazy\" decoding=\"async\" class=\"alignleft size-medium wp-image-805\" title=\"canalino di discesa (by Paolo Cavazzoni)\" src=\"https:\/\/legitedisgatt.it\/wp-content\/uploads\/2012\/08\/canalino-di-discesa-300x199.jpg\" alt=\"\" width=\"300\" height=\"199\" srcset=\"https:\/\/legitedisgatt.it\/wp-content\/uploads\/2012\/08\/canalino-di-discesa-300x199.jpg 300w, https:\/\/legitedisgatt.it\/wp-content\/uploads\/2012\/08\/canalino-di-discesa.jpg 448w\" sizes=\"auto, (max-width: 300px) 100vw, 300px\" \/><\/a><\/p>\n<p style=\"text-align: justify;\">-da qui nuovamente alla base di partenza.<\/p>\n<p style=\"text-align: justify;\"><em><span style=\"text-decoration: underline;\">Valutazioni<\/span><\/em>: Bella ferrata di soddisfazione poich\u00e9 pur non conquistando una cima \u00e8 impegnativa, anche fisicamente. Come detto, non ci sono possibilit\u00e0 (se non una) di recupero, essendo sempre piuttosto in verticale. Come tutte le ferrate va fatta presto per evitare l\u2019afflusso. Necessaria ovviamente attrezzatura da ferrata <em>[effettuata 24.8.11]<\/em>.<\/p>\n<h6 style=\"text-align: justify;\"><\/h6>\n<p style=\"text-align: justify;\"><em><span style=\"color: #3366ff;\">Area: Tofane &#8211; Alpini Via Ferrata to Col dei Bos \u00a0\u00a0[whole day \u2013 four hours of walking \u2013 via ferrata equipment necessary &#8211; for experts]<\/span><\/em><\/p>\n<p style=\"text-align: justify;\"><em><span style=\"color: #3366ff;\">Route: &#8211; Park at \u201cCapanna Strobel\u201d (Strobel Hut; on the right to Falzarego Pass, just before Col Gallina Refuge);\u00a0\u00a0&#8211; Then on foot towards Col dei Bos: climbing till bivio Boscato by path no. 412, as far as the Italian First World War huts;\u00a0\u00a0&#8211; Shortly after this, is the start of the via ferrata, which goes up a rather vertical escarpment to Col dei Bos and without stopping even if there are quite a few footholds (increase in altitude 400 m.; 2h30), reaching a nice grassy expanse at the top; &#8211; Then go down on the left in a little gully \u2013parallel to the climb- which takes you back to the huts; &#8211; From here go back to the point where you started.<\/span><\/em><\/p>\n<p style=\"text-align: justify;\"><em><span style=\"color: #3366ff;\">Assessment: Good and satisfying via ferrata because, even if it does not take you to a summit, it is challenging, including from a physical point of view. As mentioned, there are no possibilities (except one) of leaving en route, as the path is always practically vertical. Like all via ferratas it should be done at an early hour to avoid heavy traffic. Obviously via ferrata equipment required [carried out on 24.08.11].<\/span><\/em><\/p>\n<p align=\"center\"><strong>\u00a7\u00a0 \u00a7\u00a0 \u00a7<\/strong><\/p>\n<p><strong><span style=\"text-decoration: underline;\">XV &#8211; <\/span><\/strong><em><span style=\"text-decoration: underline;\">Area<\/span><\/em> Falzarego \/ Tofane \u2013 <strong>val Travenanzes<\/strong> \u00a0(<em>intera giornata \u2013 circa sei\/sette ore<\/em>)<\/p>\n<p><em><span style=\"text-decoration: underline;\">Percorso<\/span><\/em>:<\/p>\n<p><em>L\u2019attacco alla Valle pu\u00f2 essere duplice<\/em>:<\/p>\n<p><strong><em>i) <\/em><\/strong>si sale in automobile dalla\u00a0 strada per il Falzarego e si giunge al\u00a0Cason de Rozes, ove si lascia la macchina;<\/p>\n<p>-si sale alla forcella Col dei Bos (sent. 402 &#8211; 1,5 h) e, giunti in quota, si scende in direzione del Cason (=Malga) Travenanzes (sent. 404 \u2013 1 h);<\/p>\n<p><a href=\"https:\/\/legitedisgatt.it\/wp-content\/uploads\/2012\/08\/L1004291.jpg\"><img loading=\"lazy\" decoding=\"async\" class=\"alignleft size-medium wp-image-818\" title=\"Val Travenanzes da Col de Bos; sullo sfondo il gruppo Fanis (by Paolo Cavazzoni)\" src=\"https:\/\/legitedisgatt.it\/wp-content\/uploads\/2012\/08\/L1004291-300x199.jpg\" alt=\"\" width=\"300\" height=\"199\" srcset=\"https:\/\/legitedisgatt.it\/wp-content\/uploads\/2012\/08\/L1004291-300x199.jpg 300w, https:\/\/legitedisgatt.it\/wp-content\/uploads\/2012\/08\/L1004291.jpg 448w\" sizes=\"auto, (max-width: 300px) 100vw, 300px\" \/><\/a><\/p>\n<p><strong><em>ii)<\/em><\/strong> si giunge in automobile\u00a0al passo Falzarego dove si prende la funivia fino al Rif. Lagazuoi<\/p>\n<p style=\"text-align: justify;\">\u2013da qui si prende il sent. 20 per forc. Lagazuoi (200 m. di dislivello in discesa) e quindi sent. 401 per forcella Travenanzes \u2013 discesa per sent. 401 fino al Cason Travenanzes (2 h);<\/p>\n<p>\u2013 <em>da qui la via \u00e8 unica:<\/em> si segue il sent. 401, che si svolge per tutta la val Travenanzes<\/p>\n<p>\u2013 il sentiero sfocia infine nel sent. n. 10\/401 che si prende verso a destra (cio\u00e8 verso valle) e segue, scendendo in Val di Fanes fino a giungere a Ponte Alto;<\/p>\n<p style=\"text-align: justify;\">-il sentiero prosegue fino a\u00a0 Pian de Loa e poi al Centro informazioni della Val di Fanes <em>(per il tragitto in Val di Fanes si rinvia al relativo commento- <\/em>4 h dal Cason Travenanzes).<\/p>\n<p style=\"text-align: justify;\"><em><span style=\"text-decoration: underline;\">Valutazioni<\/span>: <\/em>La Travenanzes per i suoi colori e per il rio che vi scorre, per i suoi panorami tra le Tofane e Fanes \u00e8 imperdibile \u2013 Certo \u00e8 piuttosto lunga pur se sostanzialmente in discesa \u2013 va organizzata la presenza di un\u2019automobile alla Val di Fanes, per la ripresa dei gitanti, essendo l\u2019arrivo distante dalla partenza (<em>effettuata 8.8.88; 11.8.95<\/em>).<\/p>\n<p style=\"text-align: justify;\"><em><span style=\"color: #3366ff;\">Area Falzarego \/ Tofane \u2013 Val Travenanzes (Travenanzes Valley)\u00a0(whole day \u2013 about six\/seven hours )<\/span><\/em><\/p>\n<p style=\"text-align: justify;\"><em><span style=\"color: #3366ff;\">Route: There are two ways into the Valley: &#8211; i) Take the road to the Falzarego Pass and park at Cason de Rozes; &#8211; Climb to Col dei Bos Pass (path no. 402 &#8211; 1h30) and, when you get to the top, go down in the direction of Travenanzes Cason (\u201cCason\u201d is a shepherd\u2019s hut) (path no. 404 \u2013 1 h); &#8211; ii) Park at the Falzarego Pass and take the cable car to Lagazuoi Refuge; &#8211; From here take path no. 20 to Lagazuoi Pass (200 m. decrease in altitude) and then path no. 401 to Travenanzes Pass \u00a0and down by path no. 401 to Cason Travenanzes (2 h); \u2013 From here there is only one route: take path no. 401, which goes along the whole Travenanzes Valley, \u2013 At the end the path joins path no. 10\/401, which you should take towards the right (i.e. downwards) and follow, descending into the Val di Fanes (\u201cFanes Valley\u201d) until you reach Ponte Alto; -The path continues as far as Pian de Loa and then the Val di Fanes Information Centre (for the walk in Val di Fanes see the relevant section- 4 h from Cason Travenanzes).\u00a0\u00a0\u00a0\u00a0<\/span><\/em><\/p>\n<p style=\"text-align: justify;\"><em><span style=\"color: #3366ff;\">Assessment: For its colours, the stream running through it and its views of Tofane and Fanes the Travenanzes valley cannot be missed \u2013 For sure, it is rather long, even if for the most part going down \u2013 you need to organize another car in Val di Fanes to get back, given that the end of the walk is far from the start (carried out on 08.08.88; 11.08.95).<\/span><\/em><\/p>\n<p align=\"center\"><strong>\u00a7\u00a0 \u00a7\u00a0 \u00a7<\/strong><\/p>\n<p style=\"text-align: justify;\" align=\"center\"><strong><span style=\"text-decoration: underline;\">XVI <\/span><\/strong><em><span style=\"text-decoration: underline;\">Area<\/span><\/em>: Tofane\u00a0 &#8211; <strong>Via ferrata al Col Ros\u00e0 <\/strong><em>[intera giornata \u2013 cinque ore di cammino \u2013 necessaria attrezzatura da ferrata \u2013 per esperti]<\/em><\/p>\n<p><em><span style=\"text-decoration: underline;\">Percorso<\/span><\/em>: si giunge in macchina al Camping Olimpia a Fiames;<\/p>\n<p>&#8211; da qui a piedi, lungo il sent. 471 parallelo al Boite;<\/p>\n<p style=\"text-align: justify;\"><a href=\"https:\/\/legitedisgatt.it\/wp-content\/uploads\/2012\/08\/salita-al-col-rosa.jpg\"><img loading=\"lazy\" decoding=\"async\" class=\"alignleft size-medium wp-image-511\" title=\"salita al col rosa\" src=\"https:\/\/legitedisgatt.it\/wp-content\/uploads\/2012\/08\/salita-al-col-rosa-300x200.jpg\" alt=\"\" width=\"300\" height=\"200\" srcset=\"https:\/\/legitedisgatt.it\/wp-content\/uploads\/2012\/08\/salita-al-col-rosa-300x200.jpg 300w, https:\/\/legitedisgatt.it\/wp-content\/uploads\/2012\/08\/salita-al-col-rosa.jpg 448w\" sizes=\"auto, (max-width: 300px) 100vw, 300px\" \/><\/a>&#8211; dopo circa 20 min. si prende sulla sin. verso monte il sent. 408 (tra i boschi) per il Passo Posporcora, che si raggiunge (2 h);<\/p>\n<p style=\"text-align: justify;\">&#8211; al Passo si prende sulla destra il \u00a0sent. 408 verso la Via ferrata Ettore Bovero al Col Ros\u00e0;<\/p>\n<p style=\"text-align: justify;\">&#8211; la salita \u00e8 per lo pi\u00f9 in verticale con un passaggio in orizzontale \u00a0molto esposto, sullo spigolo (1 h);<a href=\"https:\/\/legitedisgatt.it\/wp-content\/uploads\/2012\/08\/passaggio-orizzontale.jpg\"><img loading=\"lazy\" decoding=\"async\" class=\"alignright size-medium wp-image-505\" title=\"passaggio orizzontale\" src=\"https:\/\/legitedisgatt.it\/wp-content\/uploads\/2012\/08\/passaggio-orizzontale-200x300.jpg\" alt=\"\" width=\"200\" height=\"300\" srcset=\"https:\/\/legitedisgatt.it\/wp-content\/uploads\/2012\/08\/passaggio-orizzontale-200x300.jpg 200w, https:\/\/legitedisgatt.it\/wp-content\/uploads\/2012\/08\/passaggio-orizzontale.jpg 299w\" sizes=\"auto, (max-width: 200px) 100vw, 200px\" \/><\/a><\/p>\n<p style=\"text-align: justify;\">&#8211; la discesa segue il sentiero dalla parte opposta; \u00e8 sentiero normale, piuttosto ripido (sent. 447; 1,5 h) che sfocia poi nel sent. 471 che si segue fino al Camping Olimpia.<\/p>\n<p style=\"text-align: justify;\"><em><span style=\"text-decoration: underline;\">Valutazioni<\/span><\/em>: Gita bella ed impegnativa. La ferrata va iniziata molto presto per evitare code essendo in spigolo; piuttosto verticale specie nella prima met\u00e0 e con un passaggio molto molto esposto; poi gradoni e passaggi attrezzati &#8211; necessaria attrezzatura, assenza di vertigini, buona forma fisica ed esperienza. Massima soddisfazione all\u2019arrivo (<em>quel giorno \u2013circa alle 9,00 del 14.8.04- siamo stati i primi in cima, come da libro di vetta<\/em>).<\/p>\n<p style=\"text-align: justify;\"><em><span style=\"color: #3366ff;\">Area: Tofane\u00a0 &#8211; Col Ros\u00e0 Via ferrata [whole day \u2013 five hours of walking \u2013 via ferrata equipment necessary\u2013 for experts]<\/span><\/em><\/p>\n<p style=\"text-align: justify;\"><em><span style=\"color: #3366ff;\">Route: Park at the Olimpia campsite in Fiames; &#8211; From here go on foot along path no. 471 which is parallel to the Boite Valley; &#8211; After about 20 mins take path no. 408 on the left and going up (through woodland) for the Posporcora Pass, which you should reach after about 2 hours; &#8211; At the Pass take path no. 408 on the right towards the Ettore Bovero Via Ferrata at Col Ros\u00e0; &#8211; The climb is for the most part vertical with just one horizontal section above a steep drop and on a corner (1 h); &#8211; To go down follow the path on the other side; this is a normal path but rather steep (path no. 447; 1h30) which then joins path no. 471, which you should follow until you reach the Olimpia campsite.<\/span><\/em><\/p>\n<p style=\"text-align: justify;\"><em><span style=\"color: #3366ff;\">Assessment: Nice and challenging trek. You should start out on the via ferrata very early in the day to avoid queues as there is a sharp edge and the climb is somewhat vertical, especially the first half, and with one section with a steep drop; then steep steps and assisted sections \u2013 you will need the correct equipment, a head for heights, a good level of fitness and experience of via ferratas. Very satisfying when you have done it (on the day we did it \u2013at about 9.00 a.m. on 14.08.04- we were the first to get to the top, worthy of mentioning in a summit book).<\/span><\/em><\/p>\n","protected":false},"excerpt":{"rendered":"<p>Il Gruppo delle Tofane offre diverse tipologie di gite, da quelle corte e facili, a lunghe fino alle ferrate, anche difficili. Nella zona di Pi\u00e8 Tofana e di Col Drusc\u00e9 le gite sono corte e facili; la zona di Ra &hellip; <a href=\"https:\/\/legitedisgatt.it\/?page_id=40\">Continua a leggere<span class=\"meta-nav\">&rarr;<\/span><\/a><\/p>\n","protected":false},"author":1,"featured_media":983,"parent":0,"menu_order":0,"comment_status":"closed","ping_status":"closed","template":"","meta":{"footnotes":""},"class_list":["post-40","page","type-page","status-publish","has-post-thumbnail","hentry"],"_links":{"self":[{"href":"https:\/\/legitedisgatt.it\/index.php?rest_route=\/wp\/v2\/pages\/40","targetHints":{"allow":["GET"]}}],"collection":[{"href":"https:\/\/legitedisgatt.it\/index.php?rest_route=\/wp\/v2\/pages"}],"about":[{"href":"https:\/\/legitedisgatt.it\/index.php?rest_route=\/wp\/v2\/types\/page"}],"author":[{"embeddable":true,"href":"https:\/\/legitedisgatt.it\/index.php?rest_route=\/wp\/v2\/users\/1"}],"replies":[{"embeddable":true,"href":"https:\/\/legitedisgatt.it\/index.php?rest_route=%2Fwp%2Fv2%2Fcomments&post=40"}],"version-history":[{"count":74,"href":"https:\/\/legitedisgatt.it\/index.php?rest_route=\/wp\/v2\/pages\/40\/revisions"}],"predecessor-version":[{"id":1712,"href":"https:\/\/legitedisgatt.it\/index.php?rest_route=\/wp\/v2\/pages\/40\/revisions\/1712"}],"wp:featuredmedia":[{"embeddable":true,"href":"https:\/\/legitedisgatt.it\/index.php?rest_route=\/wp\/v2\/media\/983"}],"wp:attachment":[{"href":"https:\/\/legitedisgatt.it\/index.php?rest_route=%2Fwp%2Fv2%2Fmedia&parent=40"}],"curies":[{"name":"wp","href":"https:\/\/api.w.org\/{rel}","templated":true}]}}