{"id":43,"date":"2012-08-07T07:13:06","date_gmt":"2012-08-07T07:13:06","guid":{"rendered":"https:\/\/legitedisgatt.it\/?page_id=43"},"modified":"2021-10-06T22:34:09","modified_gmt":"2021-10-06T20:34:09","slug":"passo-giau","status":"publish","type":"page","link":"https:\/\/legitedisgatt.it\/?page_id=43","title":{"rendered":"Passo Giau"},"content":{"rendered":"<div>\n<div>\n<p style=\"text-align: justify;\">\u00a0<span style=\"color: #a52a2a;\"><em>Le gite qui descritte sono quelle che partono dal Passo Giau o dai suoi dintorni ed interessano i gruppi\u00a0 di montagna limitrofi; cos<\/em><em>\u00ec dal Passo Giau ci sono gite che consentono di salire sul Nuvolau o sulle Cinque Torri; sulla Croda da Lago o sul Monte Cernera; sul Monte Pore. Sono per lo pi\u00f9 passeggiate adatte a tutti. L&#8217;area \u00e8 collegata con quella del Nuvolau\/ Cinque Torri; si consiglia quindi di vedere anche la relativa pagina<\/em><\/span><\/p>\n<p style=\"text-align: justify;\"><em><span style=\"color: #3366ff;\">The trips described are those that depart from Passo Giau or its surroundings and interest the neighboring mountain groups; so from Passo Giau there are trips that allow you to climb the Nuvolau or Cinque Torri; on the Croda da Lago or Monte Cernera; on Monte Pore. They are mostly suitable walks for everyone. See also Nuovolau\/Cinque Torri<\/span><\/em><\/p>\n<\/div>\n<\/div>\n<p align=\"center\"><strong>\u00a7\u00a0 \u00a7 \u00a0\u00a7<\/strong><\/p>\n<p style=\"text-align: justify;\"><em><span style=\"text-decoration: underline;\">Area<\/span><\/em>: Passo Giau \/ Cinque Torri \u2013 <strong>Giau \u2013 Rio Curto<\/strong> (<em>intera giornata &#8211; per tutti &#8211; quattro ore circa<\/em>)<\/p>\n<p style=\"text-align: justify;\"><em><span style=\"text-decoration: underline;\">Percorso<\/span><\/em>:<\/p>\n<p style=\"text-align: justify;\">-si giunge al Rif. Passo Giau in automobile dove si parcheggia;<\/p>\n<p style=\"text-align: justify;\">-da qui si prende il sent. 443 costeggiando il Nuvolau dal versante di Cortina e, superate due selle, si giunge al Rif.\u00a0 5 Torri (2\/2,5 h);<\/p>\n<p style=\"text-align: justify;\">-da qui \u2013a meno di non tornare sui propri passi- la discesa presenta due opzioni:<\/p>\n<p style=\"text-align: justify;\"><strong><em>i) <\/em><\/strong>su Rio Curto (sent. 439 \u2013 437; 1,5\/2 h), cio\u00e8 sulla strada per il Passo Giau (<em>si veda la gita 5 Torri \u2013 Rio Curto, nell\u2019area Nuvolau \/ 5Torri<\/em>);<\/p>\n<p style=\"text-align: justify;\"><strong><em>ii) <\/em><\/strong>al Rif. Scoiattoli e quindi al Rif. Bai de Dones (cio\u00e8 alla base della seggiovia delle 5 Torri) (si veda la gita relativa nell\u2019area Nuvolau \/ Cinque Torri (17.8.84);<\/p>\n<p style=\"text-align: justify;\"><em><span style=\"text-decoration: underline;\">Valutazioni<\/span><\/em>: Bella gita anche con bimbi, su roccia prima e su prati poi \u2013 necessita comunque di un certo impegno fisco poich\u00e9 la prima parte impone di superare due selle con salite piuttosto ripide; la discesa su Rio Curto \u00e8 ripida e molto sdrucciolevole, specie se \u00e8 piovuto &#8211; opportune 2 automobili, poich\u00e9 una va lasciata a Rio Curto ovvero alla base della seggiovia delle Cinque Torri\u00a0 <em>[effettuata i) quando il pi\u00f9 piccolo aveva 3 anni<\/em> <em>nel 18.8.98 e<\/em> <em>poi<\/em> <em>8.8.05; ii) 17.8.84].\u00a0<\/em><\/p>\n<p style=\"text-align: justify;\"><em><span lang=\"en\" style=\"color: #3366ff;\">&#8211; reach the Rif. Passo Giau by car where you park; &#8211; from here take the sent. 443 along the Nuvolau from the side of Cortina and, after two saddles, you reach the Rif. 5 Torri (2 \/ 2.5 h); &#8211; from here &#8211; unless you return to your own pass &#8211; the descent has two options: i) on Rio Curto (439 &#8211; 437, 1.5 \/ 2 h), ie on the road to Passo Giau (see the 5 Torri &#8211; Rio Curto tour, in the Nuvolau \/ 5Torri area); ii) at Rif. Scoiattoli and then at the Rif. Bai de Dones (ie at the base of the 5 Torri chairlift) (see the excursion in the Nuvolau \/ Cinque Torri area (17.8.84); Ratings: A beautiful trip with children, on rock first and then on meadows &#8211; however, requires a certain amount of commitment because the first part requires to overcome two saddles with rather steep climbs; the descent on Rio Curto is steep and very slippery, especially if it rained &#8211; appropriate 2 cars, since one should be left in Rio Curto or at the base of the Cinque Torri chairlift [made i) when the youngest was 3 years old in 18.8.98 and then 8.8.05; ii) 17.8.84]. <\/span><\/em><\/p>\n<p align=\"center\"><strong>\u00a7 \u00a0\u00a7 \u00a0\u00a7<\/strong><\/p>\n<p style=\"text-align: justify;\"><em><span style=\"text-decoration: underline;\"><a href=\"https:\/\/legitedisgatt.it\/wp-content\/uploads\/2012\/08\/muraglia-giau1.jpg\"><img loading=\"lazy\" decoding=\"async\" class=\"alignleft size-medium wp-image-318\" title=\"muraglia giau\" src=\"https:\/\/legitedisgatt.it\/wp-content\/uploads\/2012\/08\/muraglia-giau1-300x123.jpg\" alt=\"\" width=\"300\" height=\"123\" srcset=\"https:\/\/legitedisgatt.it\/wp-content\/uploads\/2012\/08\/muraglia-giau1-300x123.jpg 300w, https:\/\/legitedisgatt.it\/wp-content\/uploads\/2012\/08\/muraglia-giau1.jpg 448w\" sizes=\"auto, (max-width: 300px) 100vw, 300px\" \/><\/a>Area<\/span><\/em>: Passo Giau \u2013 <strong>Muraglia di Giau<\/strong> (1\/2 <em>giornata &#8211; per pochi appassionati e dotati di buon fiato\u00a0 \u2013 due ore circa <\/em>)<\/p>\n<p style=\"text-align: justify;\"><em><span style=\"text-decoration: underline;\">Percorso<\/span><\/em>: da passo Giau\u00a0per il sent. 443 costeggiando il Nuvolau dal versante di Cortina;\u00a0&#8211; si pu\u00f2 cercare<em>\u00a0 <\/em>la \u201cmuraglia di Giau\u201d (che si vede distintamente sulla sinistra della strada del Passo, salendo) o meglio le pietre segnaletiche apposte sul confine tra Venezia (=San Vito) e Austria (Cortina) nel 1753. Le pietre (sono 3; ed una presso il rifugio del Passo) sono sulla roccia del Nuvolau;<a href=\"https:\/\/legitedisgatt.it\/wp-content\/uploads\/2012\/08\/cippo-della-muraglia.jpg\"><img loading=\"lazy\" decoding=\"async\" class=\"alignright size-medium wp-image-358\" title=\"cippo della muraglia dalla strada del passo\" src=\"https:\/\/legitedisgatt.it\/wp-content\/uploads\/2012\/08\/cippo-della-muraglia-300x224.jpg\" alt=\"\" width=\"300\" height=\"224\" srcset=\"https:\/\/legitedisgatt.it\/wp-content\/uploads\/2012\/08\/cippo-della-muraglia-300x224.jpg 300w, https:\/\/legitedisgatt.it\/wp-content\/uploads\/2012\/08\/cippo-della-muraglia.jpg 448w\" sizes=\"auto, (max-width: 300px) 100vw, 300px\" \/><\/a><\/p>\n<p style=\"text-align: justify;\">-il ritorno \u00e8 al passo Giau.<\/p>\n<p style=\"text-align: justify;\"><em><span style=\"text-decoration: underline;\">Valutazioni<\/span><\/em>: La ricerca del vecchio confine tra la Serenissima Repubblica di Venezia e l\u2019Impero d\u2019Austria \u00e8 appassionante ed anche faticosa, poich\u00e9 bisogna lasciare il sentiero ed avventurarsi per ghiaione \u2013 da \u201ciniziati\u201d &#8211; portarsi acqua poich\u00e8 il rifugio \u00e8 solo al passa; bisogna poi avere buon orientamento\u00a0 e fiato [<em>effettuata 18.8.98<\/em>].<\/p>\n<p style=\"text-align: justify;\"><em><span style=\"color: #3366ff;\"><span lang=\"en\">from Passo Giau for the sent. 443 along the Nuvolau from the side of Cortina; &#8211; you can look for the &#8220;wall of Giau&#8221; (which is clearly visible on the left of the Passo road, rising) or rather the signaling stones affixed to the border between Venice (= San Vito) and Austria (Cortina) in 1753. The stones ( they are 3, and one at the Passo refuge) are on the Nuvolau rock; Ratings<\/span><span lang=\"en\">: The research for the old border between the Serenissima Republic of Venice and the Empire of Austria is exciting and even tiring, because you have to leave the trail and venture out scree &#8211; from &#8220;initiated&#8221; &#8211;\u00a0<\/span><span lang=\"en\">bring water as the shelter is only in passing; then you must have good orientation and breath\u00a0<\/span><span lang=\"en\">[carried out 18.8.98].<\/span><\/span><\/em><\/p>\n<p align=\"center\"><strong>\u00a7\u00a0 \u00a7 \u00a0\u00a7<\/strong><\/p>\n<p style=\"text-align: justify;\"><em><span style=\"text-decoration: underline;\">Area<\/span>: <\/em>Passo Giau \/ Nuvolau\u00a0 <strong>ferrata Ra Gusela al Nuvolau (e giro del Nuvolau) <\/strong><em>(intera giornata \u2013 tre\/quattro ore di cammino circa &#8211; necessaria attrezzatura da ferrata)<\/em><\/p>\n<p style=\"text-align: justify;\"><em><span style=\"text-decoration: underline;\">Percorso<\/span>: <\/em><\/p>\n<p><a href=\"https:\/\/legitedisgatt.it\/wp-content\/uploads\/2012\/08\/nuvolau-dal-giau-1.jpg\"><img loading=\"lazy\" decoding=\"async\" class=\"alignright size-medium wp-image-1059\" src=\"https:\/\/legitedisgatt.it\/wp-content\/uploads\/2012\/08\/nuvolau-dal-giau-1-300x300.jpg\" alt=\"\" width=\"300\" height=\"300\" srcset=\"https:\/\/legitedisgatt.it\/wp-content\/uploads\/2012\/08\/nuvolau-dal-giau-1-300x300.jpg 300w, https:\/\/legitedisgatt.it\/wp-content\/uploads\/2012\/08\/nuvolau-dal-giau-1-150x150.jpg 150w, https:\/\/legitedisgatt.it\/wp-content\/uploads\/2012\/08\/nuvolau-dal-giau-1.jpg 336w\" sizes=\"auto, (max-width: 300px) 100vw, 300px\" \/><\/a><em>&#8211;<\/em>si giunge al Rif. Passo Giau in automobile dove si parcheggia;<\/p>\n<p style=\"text-align: justify;\">-da qui prendere il sent. 443 costeggiando il Nuvolau dal versante di Cortina;<\/p>\n<p style=\"text-align: justify;\">-si prende poi sulla destra il sent. 438 che sale sulla Ra Gusela, con un tratto di forte salita aiutati in un punto da corda;<\/p>\n<p style=\"text-align: justify;\">-il sentiero prosegue per la via ferrata Ra Gusela, che interessa propriamente solo lo spigolo conclusivo;<\/p>\n<p style=\"text-align: justify;\">\u2013si giunge cos\u00ec al Rif. Nuvolau da cui \u2013con il sent. 439- si giunge al Rif. Averau;<\/p>\n<p style=\"text-align: justify;\">-da qui si scende sulla sinistra per sent. ripido 464, sotto la seggiovia Fedare \u2013 Averau;<\/p>\n<p style=\"text-align: justify;\">-al bivio con\u00a0 il sent. 452, si segue quest\u2019ultimo che costeggia il Nuvolau dal lato del Colle Santa Lucia e si giunge nuovamente al Passo Giau.<\/p>\n<p style=\"text-align: justify;\"><em><span style=\"text-decoration: underline;\">Valutazioni<\/span><\/em>: Alla ferrata si giunge dopo un tratto piuttosto lungo di sentiero, ed il percorso attrezzato interessa solo l\u2019ultimo tratto in spigolo; la ferrata \u00e8 facile \u2013 necessita comunque di passo fermo, assenza di vertigini\u00a0 e attrezzatura [<em>effettuata: 12.8.88; 9.8.90; 3.8.97<\/em>].<\/p>\n<p align=\"center\"><strong>\u00a7\u00a0 \u00a7\u00a0 \u00a7<\/strong><\/p>\n<p style=\"text-align: justify;\"><em><span style=\"text-decoration: underline;\"><a href=\"https:\/\/legitedisgatt.it\/wp-content\/uploads\/2012\/08\/seggiovia-delle-marmotte5.jpg\"><img loading=\"lazy\" decoding=\"async\" class=\"alignleft size-medium wp-image-217\" title=\"seggiovia delle marmotte\" src=\"https:\/\/legitedisgatt.it\/wp-content\/uploads\/2012\/08\/seggiovia-delle-marmotte5-300x224.jpg\" alt=\"\" width=\"300\" height=\"224\" srcset=\"https:\/\/legitedisgatt.it\/wp-content\/uploads\/2012\/08\/seggiovia-delle-marmotte5-300x224.jpg 300w, https:\/\/legitedisgatt.it\/wp-content\/uploads\/2012\/08\/seggiovia-delle-marmotte5.jpg 448w\" sizes=\"auto, (max-width: 300px) 100vw, 300px\" \/><\/a>Area<\/span><\/em>: Passo Giau \/ Nuvolau \u2013 <strong>Seggiovia delle Marmotte<\/strong> (intera giornata; si veda anche la sezione Nuvolau)<\/p>\n<p style=\"text-align: justify;\"><em><span style=\"text-decoration: underline;\">Percorso<\/span><\/em>:<\/p>\n<p style=\"text-align: justify;\">-Si supera con l\u2019automobile il Passo Giau e si prosegue in discesa per alcuni tornanti, fino ad incontrare sulla destra della strada il Rif. Fedare, dove si parcheggia;<\/p>\n<p style=\"text-align: justify;\">&#8211; si prende la seggiovia fino a Rif. Averau;<\/p>\n<p style=\"text-align: justify;\">\u00a0\u2013 da qui 2 possibilit\u00e0:<\/p>\n<p style=\"text-align: justify;\"><strong><em>i) <\/em><\/strong>salita fino al Rif. Nuvolau (sent. 439 &#8211; 45 min \u2013 160 m. dislivello) e rit. (30 min.)<\/p>\n<p style=\"text-align: justify;\">&#8211; si scende poi sulla sinistra per sent. ripido 464, sotto la seggiovia Fedare \u2013 Averau;<\/p>\n<p style=\"text-align: justify;\">&#8211; al bivio con\u00a0 il sent. 452, si segue quest\u2019ultimo che costeggia il Nuvolau dal lato del Colle Santa Lucia e si giunge nuovamente al Passo Giau (1,5\/2h \u2013 200 m. dislivello) <em>[effettuata 22.7.06<\/em>]<\/p>\n<p style=\"text-align: justify;\"><strong><em>ii) <\/em><\/strong>discesa al Rif. Fedare per sent. 464 che scende sotto la seggiovia con una discesa piuttosto ripida (1\/1,5 h\u00a0 \u2013 400 m. dislivello) [<em>effettuata 11.8.03<\/em>];<\/p>\n<p style=\"text-align: justify;\"><em><span style=\"text-decoration: underline;\">Valutazioni<\/span><\/em>: Facile e panoramica \u2013 adatta a tutti &#8211; in caso di scesa sul passo Giau, opportuno trovare l\u00ec l\u2019automobile (quindi \u00e8 necessario organizzare 2 automobili). Si vedono le marmotte con grande facilit\u00e0 dalla seggiovia.<\/p>\n<p style=\"text-align: justify;\"><em><span lang=\"en\" style=\"color: #3366ff;\">Passo Giau \/ Nuvolau &#8211; &#8220;Marmots&#8221; chairlift (full day, see also the Nuvolau section) Path: -You pass the Giau Pass by car and continue downhill for some hairpin bends, until you reach Rif. Fedare on the right of the road, where you park; &#8211; take the chairlift to Rif. Averau; &#8211; here 2 possibilities: i) up to the Nuvolau (439 &#8211; 45 min &#8211; 160 m difference in altitude) and rit. (30 min.) &#8211; go down then on the left to hear steep 464, under the Fedare &#8211; Averau chairlift; &#8211; at the junction with the sent. 452, you follow the latter that runs along the Nuvolau from the side of the Colle Santa Lucia and you arrive to Passo Giau (1.5 \/ 2h &#8211; 200 m difference in height); in this case leave a car there, before start the trip from Fedare [carried out 22.7.06] ii) descent to the Ref. Fedare per sent. 464 which descends below the chair lift with a rather steep descent (1 \/ 1.5 h &#8211; 400 m difference in height) [carried out 11.8.03]; Ratings: Easy and panoramic &#8211; suitable for everyone &#8211; in case of descent on the Giau pass, it is advisable to find the car there (so you need to organize 2 cars). You can see the marmots with great ease from the chairlift.<\/span><\/em><\/p>\n<p align=\"center\"><strong>\u00a7\u00a0 \u00a7\u00a0 \u00a7<\/strong><\/p>\n<p style=\"text-align: justify;\"><em><span style=\"text-decoration: underline;\"><a href=\"https:\/\/legitedisgatt.it\/wp-content\/uploads\/2012\/08\/Monte-Pore1.jpg\"><img loading=\"lazy\" decoding=\"async\" class=\"alignleft size-medium wp-image-205\" title=\"Monte Pore\" src=\"https:\/\/legitedisgatt.it\/wp-content\/uploads\/2012\/08\/Monte-Pore1-300x224.jpg\" alt=\"\" width=\"300\" height=\"224\" srcset=\"https:\/\/legitedisgatt.it\/wp-content\/uploads\/2012\/08\/Monte-Pore1-300x224.jpg 300w, https:\/\/legitedisgatt.it\/wp-content\/uploads\/2012\/08\/Monte-Pore1.jpg 448w\" sizes=\"auto, (max-width: 300px) 100vw, 300px\" \/><\/a>Area<\/span><\/em>: Passo Giau \u2013 <strong>Monte Pore<\/strong> (<em>intera giornata \u2013 gita per tutti \u2013 tre\/quattro ore<\/em>)<\/p>\n<p style=\"text-align: justify;\"><em><span style=\"text-decoration: underline;\">Percorso<\/span><\/em>:<\/p>\n<p style=\"text-align: justify;\">&#8211; Si supera con l\u2019automobile il Passo Giau (m. 2.236 s.l.m.) e si prosegue in discesa per alcuni tornanti, fino ad incontrare sulla destra della strada il Rif. Fedare (m. 2000 s.l.m.), dove si parcheggia;<\/p>\n<p style=\"text-align: justify;\">&#8211; da qui, davanti alla partenza della seggiovia, si prende il sentiero 463 che porta direttamente alla cima del Monte Pore (m. 2.405 s.l.m.; 400 m. dislivello); \u00a0la prima parte del sentiero sale tra i prati piuttosto dolcemente (non ci si preoccupi di un segnale di divieto di transito apposto da un locale sul sentiero; il sentiero \u00e8 corretto e riprende appena superata la sua baita), supera una chiesetta giungendo ad <a href=\"https:\/\/legitedisgatt.it\/wp-content\/uploads\/2012\/08\/segnali-sul-pore.jpg\"><img loading=\"lazy\" decoding=\"async\" class=\"alignright size-medium wp-image-361\" title=\"segnali del trivio sul monte pore\" src=\"https:\/\/legitedisgatt.it\/wp-content\/uploads\/2012\/08\/segnali-sul-pore-300x224.jpg\" alt=\"\" width=\"300\" height=\"224\" srcset=\"https:\/\/legitedisgatt.it\/wp-content\/uploads\/2012\/08\/segnali-sul-pore-300x224.jpg 300w, https:\/\/legitedisgatt.it\/wp-content\/uploads\/2012\/08\/segnali-sul-pore.jpg 448w\" sizes=\"auto, (max-width: 300px) 100vw, 300px\" \/><\/a>un altopiano con mirtilli ed un trivio;<\/p>\n<p><a href=\"https:\/\/legitedisgatt.it\/wp-content\/uploads\/2012\/08\/pore-dal-giau.jpg\"><img loading=\"lazy\" decoding=\"async\" class=\"alignright size-medium wp-image-1064\" src=\"https:\/\/legitedisgatt.it\/wp-content\/uploads\/2012\/08\/pore-dal-giau-300x225.jpg\" alt=\"\" width=\"300\" height=\"225\" srcset=\"https:\/\/legitedisgatt.it\/wp-content\/uploads\/2012\/08\/pore-dal-giau-300x225.jpg 300w, https:\/\/legitedisgatt.it\/wp-content\/uploads\/2012\/08\/pore-dal-giau.jpg 448w\" sizes=\"auto, (max-width: 300px) 100vw, 300px\" \/><\/a> <a href=\"https:\/\/legitedisgatt.it\/wp-content\/uploads\/2012\/08\/salita-monte-pore.jpg\"><img loading=\"lazy\" decoding=\"async\" class=\"alignright size-medium wp-image-1065\" src=\"https:\/\/legitedisgatt.it\/wp-content\/uploads\/2012\/08\/salita-monte-pore-300x225.jpg\" alt=\"\" width=\"300\" height=\"225\" srcset=\"https:\/\/legitedisgatt.it\/wp-content\/uploads\/2012\/08\/salita-monte-pore-300x225.jpg 300w, https:\/\/legitedisgatt.it\/wp-content\/uploads\/2012\/08\/salita-monte-pore.jpg 448w\" sizes=\"auto, (max-width: 300px) 100vw, 300px\" \/><\/a> <a href=\"https:\/\/legitedisgatt.it\/wp-content\/uploads\/2012\/08\/salita-monte-pore2.jpg\"><img loading=\"lazy\" decoding=\"async\" class=\"alignright size-medium wp-image-1066\" src=\"https:\/\/legitedisgatt.it\/wp-content\/uploads\/2012\/08\/salita-monte-pore2-225x300.jpg\" alt=\"\" width=\"225\" height=\"300\" srcset=\"https:\/\/legitedisgatt.it\/wp-content\/uploads\/2012\/08\/salita-monte-pore2-225x300.jpg 225w, https:\/\/legitedisgatt.it\/wp-content\/uploads\/2012\/08\/salita-monte-pore2.jpg 336w\" sizes=\"auto, (max-width: 225px) 100vw, 225px\" \/><\/a>&#8211; si prosegue verso la cima con una prima forte salita che si interrompe con un piccolo pianoro in cresta (con un passaggio comodo ma che potrebbe essere considerato esposto) per poi proseguire fino alla vetta in modo erto con parti sdrucciolevoli; si sale rapidamente e ripidamente tra prati, rocce, mirtilli e parti di trincee di seconda linea italiana.<\/p>\n<p>La vetta \u00e8 piccola e molto molto panoramica.<\/p>\n<p style=\"text-align: justify;\">&#8211; il ritorno per lo stesso sentiero.<\/p>\n<p style=\"text-align: left;\"><em><span style=\"text-decoration: underline;\">Valutazioni<\/span><\/em>: Gita di buon livello con salita panoramica al Monte e con soddisfazione per la conquista della vetta &#8211; incredibile ed inaspettato il panorama a 360\u00b0 che si gode dalla cima &#8211;\u00a0 mirtilli tanti, rododendri &#8211; poco conosciuta e dunque con pochi gitanti &#8211; non c&#8217;\u00e8 rifugio in vetta, dunque portare panini ed acqua; il rifugio \u00e8 il Fedare (partenza ed arrivo)<em>[effettuata il 13.8.06, con molta neve imprevista in cima e con S. Messa nella Chiesetta; il 27.8.12; 17.8.17; 13.8.21].<\/em><\/p>\n<p style=\"text-align: justify;\"><em><span style=\"color: #3366ff;\"><span lang=\"en\">Passed the Giau Pass (2.236 s.l.m.), continue downhill for some bends, until you meet on the right Rifugio Fedare (2000 m.), where you park; &#8211; From here, in front of the chairlift, take the path 463 leading directly to the summit of Monte Pore (m. 2.405 s.l.m; 400 m altitude difference); The first part of the path rises somewhat gently in the meadows, surpassing a little church reaching a p<\/span><span lang=\"en\">lateau with blueberries and a trivial; <\/span><span lang=\"en\">&#8211; you continue to the top with a steep climb that breaks off with a small plateau on the ridge then proceed to the summit in a dense way; all on the lawn. The summit is small and scenic. The return is the same. <\/span><span lang=\"en\">Reviews: A good trip with a panoramic climb to the Mount and with satisfaction for the <a style=\"color: #3366ff;\" href=\"https:\/\/legitedisgatt.it\/wp-content\/uploads\/2012\/08\/cima-del-monte-pore.jpg\"><img loading=\"lazy\" decoding=\"async\" class=\"alignright\" title=\"cima del monte pore\" src=\"https:\/\/legitedisgatt.it\/wp-content\/uploads\/2012\/08\/cima-del-monte-pore-300x224.jpg\" alt=\"\" width=\"300\" height=\"224\" \/><\/a>conquest of the summit &#8211; many blueberries &#8211; <\/span><span lang=\"en\">the incredible and unexpected 360 \u00b0 panorama that can be enjoyed from the top &#8211; many blueberries, rhododendrons &#8211; little known and therefore with few hikers &#8211; there is no refuge at the top, so bring sandwiches and water; the refuge is the Fedare (departure and arrival)\u00a0<\/span><span lang=\"en\">[made on 13.8.06, with lots of unexpected snow on top and with Holy Mass in the Church; On 27.8.12; 08\/17\/17; 13.8.21].<\/span><\/span><\/em><\/p>\n<h6 dir=\"ltr\" data-placeholder=\"Traduzione\"><\/h6>\n<h6 dir=\"ltr\" data-placeholder=\"Traduzione\"><\/h6>\n<h6 dir=\"ltr\" data-placeholder=\"Traduzione\"><\/h6>\n<h6 class=\"tw-data-text tw-ta tw-text-small\" dir=\"ltr\" style=\"text-align: center;\" data-placeholder=\"Traduzione\"><strong>\u00a7\u00a0 \u00a7\u00a0 \u00a7<\/strong><\/h6>\n<p style=\"text-align: justify;\"><em><span style=\"text-decoration: underline;\">Area<\/span><\/em>: Passo Giau \u2013 <strong>Monte Cernera<\/strong> <em>(intera giornata \u2013 gita per tutti, senza la variante alla cima\u00a0 &#8211; tre \/ cinque ore di cammino).<\/em><\/p>\n<p><a href=\"https:\/\/legitedisgatt.it\/wp-content\/uploads\/2012\/08\/ultimo-tratto-per-la-cima-monte-cernera.jpg\"><img loading=\"lazy\" decoding=\"async\" class=\"alignright size-medium wp-image-1062\" src=\"https:\/\/legitedisgatt.it\/wp-content\/uploads\/2012\/08\/ultimo-tratto-per-la-cima-monte-cernera-300x174.jpg\" alt=\"\" width=\"300\" height=\"174\" srcset=\"https:\/\/legitedisgatt.it\/wp-content\/uploads\/2012\/08\/ultimo-tratto-per-la-cima-monte-cernera-300x174.jpg 300w, https:\/\/legitedisgatt.it\/wp-content\/uploads\/2012\/08\/ultimo-tratto-per-la-cima-monte-cernera.jpg 448w\" sizes=\"auto, (max-width: 300px) 100vw, 300px\" \/><\/a><\/p>\n<p style=\"text-align: justify;\"><em><span style=\"text-decoration: underline;\">Percorso<\/span><\/em>:<\/p>\n<p style=\"text-align: justify;\">-si giunge al Rif. Passo Giau (m. 2.236 s.l.m.) in automobile (qui si parcheggia) e ci si dirige in direzione Croda da Lago per sent. 436;<\/p>\n<p style=\"text-align: justify;\">-seguendo il sentiero si giunge alla forcella de Zonia ed ancora proseguendo alla forcella de Col Piombin (m. 2.311 s.l.m.);<\/p>\n<p style=\"text-align: justify;\">&#8211; si devia sulla destra per forcella Ciazza e Monte Cernera; si prosegue a mezza costa (sentiero tranquillo, in leggera discesa e con saliscendi; presenta per\u00f2 un solo passaggio con due chiodi e corda fissa che pu\u00f2 dare fastidio a chi soffre di vertigini) per circa 45 min\/1 ora; bel panorama sulla valle (il Pian de Possoliva) con probabilit\u00e0 di vedere (oltrech\u00e8 sentire) marmotte;<\/p>\n<p style=\"text-align: justify;\">-si giunge sotto una prima sella e dopo una salita ripida aiutata da alcuni chiodi con corda fissa, ripido un sentiero (= tracce di sentiero) per circa 200 m. di dislivello (15\/45 min); si giunge fin sotto uno sperone di roccia e sulla destra una piccola sella con prati (forcella Ciazza; m. 2.310); qui ci si pu\u00f2 fermare, godendo panorama.<\/p>\n<p style=\"text-align: justify;\">&#8211;<em>variante: salita facoltativa: <\/em>lo sperone di roccia si supera con un ulteriore piccolo tratto attrezzato. \u00a0La salita alla cima (m. 2.664 s.l.m.), consiste in due passaggi di sentiero attrezzato e da un successivo \u00a0sentiero molto ripido ed esposto al vento, da vetta; si giunge ad una croce con un panorama mozzafiato (45 min.-1 h).<a href=\"https:\/\/legitedisgatt.it\/wp-content\/uploads\/2012\/08\/P10000151.jpg\"><img loading=\"lazy\" decoding=\"async\" class=\"alignright size-medium wp-image-725\" title=\"discesa dalla cima\" src=\"https:\/\/legitedisgatt.it\/wp-content\/uploads\/2012\/08\/P10000151-234x300.jpg\" alt=\"\" width=\"234\" height=\"300\" srcset=\"https:\/\/legitedisgatt.it\/wp-content\/uploads\/2012\/08\/P10000151-234x300.jpg 234w, https:\/\/legitedisgatt.it\/wp-content\/uploads\/2012\/08\/P10000151.jpg 336w\" sizes=\"auto, (max-width: 234px) 100vw, 234px\" \/><\/a><\/p>\n<p style=\"text-align: justify;\">-il ritorno \u00e8 per il medesimo sentiero.<\/p>\n<p style=\"text-align: justify;\"><em><span style=\"text-decoration: underline;\">Valutazioni<\/span><\/em>: Gita molto bella con pochissima gente, adatta a tutti (seppure c&#8217;\u00e8 qualche passaggio esposto), fino alla variante di vetta. Quest\u2019ultima fa cambiare la gita per categoria di difficolt\u00e0 e qui serve un minimo di consapevolezza e tecnica; attenzione al meteo, essendo molto esposto ai venti; la parte attrezzata \u00e8 facile ma si consiglia attrezzatura; assenza di vertigini; la soddisfazione della cima \u00e8 grande e merita lo sforzo in pi\u00f9 [<em>effettuata il 9.8.10 e il 21.8.17; senza variante il 18.8.14 e il 19.8.20<\/em>].<\/p>\n<p dir=\"ltr\" style=\"text-align: justify;\" data-placeholder=\"Traduzione\"><em><span style=\"color: #3366ff;\"><span lang=\"en\">Path: &#8211; you reach the Rif. Passo Giau (m. 2,236 s.l.m.) by car (here you park) and head towards Croda da Lago for sent. 436; &#8211; following the path you reach the Focella Zonia and continue to the Forcella Col Piombin (2,311 m); &#8211; go to the right for Ciazza and Monte Cernera; Continue halfway (quiet path, slight downhill and uphill, with only one pass with two nails and fixed rope) for about 45 min \/ 1 hour; Beautiful panorama of the valley (the Pian de Possoliva) with a chance to see (as well as feel) marmots; &#8211; After steep climbing helped by some fixed rope nails, climb up a trail\u00a0 for about 200 m. of altitude difference from the beginning (15\/45 min); You reach below a rock spur and to the right a small saddle with meadows (forcella Ciazza, m. 2,310); Here you can stop, enjoying the panorama. -optional climb: the rock spur is overcome with a further small equipped stretch. The climb to the summit (2,664 m) consists of two footpaths and a very steep, windy windmill; You reach a cross with a breathtaking view (45 min-1 h); same path to return. <\/span><span lang=\"en\">Reviews: Very nice trip with very few people, suitable for everyone, up to the variant of summit. The latter changes the tour by category of difficulty and here it serves a minimum of awareness and technique; attention to the weather, being very exposed to the winds; The equipped part is easy but equipment is recommended; perhaps even without dizziness; the top satisfaction is great and deserves the extra effort [performed on 9.8.10 and 21.8.17; Without optional climb\u00a0 18.8.14 + 19.8.20].<\/span><\/span><\/em><\/p>\n<p dir=\"ltr\" style=\"text-align: center;\" data-placeholder=\"Traduzione\"><strong>\u00b0 \u00b0 \u00b0 <\/strong><\/p>\n<p style=\"text-align: justify;\"><em><span style=\"text-decoration: underline;\"><a href=\"https:\/\/legitedisgatt.it\/wp-content\/uploads\/2012\/08\/mondeval1.jpg\"><img loading=\"lazy\" decoding=\"async\" class=\"alignleft size-medium wp-image-208\" title=\"Mondeval\" src=\"https:\/\/legitedisgatt.it\/wp-content\/uploads\/2012\/08\/mondeval1-300x153.jpg\" alt=\"\" width=\"300\" height=\"153\" srcset=\"https:\/\/legitedisgatt.it\/wp-content\/uploads\/2012\/08\/mondeval1-300x153.jpg 300w, https:\/\/legitedisgatt.it\/wp-content\/uploads\/2012\/08\/mondeval1.jpg 448w\" sizes=\"auto, (max-width: 300px) 100vw, 300px\" \/><\/a>Area<\/span><\/em>: Passo Giau \u2013 <strong>Mondeval <\/strong><em>(intera giornata \u2013 gita per tutti\u00a0 &#8211; cinque ore di cammino).<\/em><\/p>\n<p style=\"text-align: justify;\"><em><span style=\"text-decoration: underline;\">Percorso<\/span><\/em>:<\/p>\n<p style=\"text-align: justify;\">-si giunge al Rif. Passo Giau in automobile, dove si parcheggia;<\/p>\n<p style=\"text-align: justify;\">-per sent. 436 ci si dirige in direzione Croda da Lago;<a href=\"https:\/\/legitedisgatt.it\/wp-content\/uploads\/2012\/08\/forcella.jpg\"><img loading=\"lazy\" decoding=\"async\" class=\"alignright size-medium wp-image-1068\" src=\"https:\/\/legitedisgatt.it\/wp-content\/uploads\/2012\/08\/forcella-300x225.jpg\" alt=\"\" width=\"300\" height=\"225\" srcset=\"https:\/\/legitedisgatt.it\/wp-content\/uploads\/2012\/08\/forcella-300x225.jpg 300w, https:\/\/legitedisgatt.it\/wp-content\/uploads\/2012\/08\/forcella-768x576.jpg 768w, https:\/\/legitedisgatt.it\/wp-content\/uploads\/2012\/08\/forcella-1024x768.jpg 1024w\" sizes=\"auto, (max-width: 300px) 100vw, 300px\" \/><\/a><\/p>\n<p style=\"text-align: justify;\">-si giunge per il sentiero alla forcella de Zonia ed ancora proseguendo alla forcella de Col Piombin;<\/p>\n<p style=\"text-align: justify;\">-si segue sempre il sent. 436, scendendo e risalendo (faticosamente) in direzione della forcella Giau (fin qui 2,5 h);<\/p>\n<p style=\"text-align: justify;\">-qui il sentiero si biforca e da qui tre possibilit\u00e0;<\/p>\n<p style=\"text-align: justify;\"><strong><em>i) <\/em><\/strong>o si prosegue per il 436 verso la forcella Ambrizzola e dunque la Croda da Lago (con ritorno per lo stesso sentiero ovvero ci si inserisce nel circuito delle gite della Croda, cui si rinvia);<\/p>\n<p style=\"text-align: justify;\"><strong><em>ii)<\/em><\/strong> o si scende per il sent. 465 e quindi, alla biforcazione del Ponte dei sassi, si procede verso sinistra per aggirare il Monte Mondeval e giungere poi alla forcella Ambrizzola;<\/p>\n<p style=\"text-align: justify;\"><strong><em>iii)<\/em><\/strong> o si scende per il sent. 465 e, dopo poco, si seguono sulla sinistra le tracce di sentiero che costeggiano Mondeval dal lato Croda da Lago, fino a giungere, attraversando prati e costeggiando un laghetto, al luogo del ritrovamento dell\u2019uomo mesolitico di Mondeval. Il ritorno \u00e8 per lo stesso sentiero (2,5 h circa).<\/p>\n<p style=\"text-align: justify;\"><em><span style=\"text-decoration: underline;\">Valutazioni<\/span><\/em>: Bella gita che diviene pi\u00f9 rilassante nella seconda parte. Il sito di rinvenimento del\u201cl\u2019uomo di Mondeval\u201d, oggi conservato al museo Vittorino Cazzetta di Selva di Cadore (BL), \u00e8 recintato cosicch\u00e8 si vede solo da lontano e nulla c\u2019\u00e8 \u2013tranne un cartello- che ricordi l\u2019evento. Per maggiori info:<\/p>\n<p style=\"text-align: justify;\"><a href=\"http:\/\/www.altocadore.it\/it\/vivere_lalto_cadore\/storia\/mondeval.htm\">http:\/\/www.altocadore.it\/it\/vivere_lalto_cadore\/storia\/mondeval.htm<\/a><\/p>\n<p style=\"text-align: justify;\"><a href=\"https:\/\/legitedisgatt.it\/wp-content\/uploads\/2012\/08\/MuseoVittorinoCazzetta.bmp\"><img decoding=\"async\" class=\"alignleft size-full wp-image-222\" title=\"MuseoVittorinoCazzetta\" src=\"https:\/\/legitedisgatt.it\/wp-content\/uploads\/2012\/08\/MuseoVittorinoCazzetta.bmp\" alt=\"\" \/><\/a>oppure Museo Vittorino Cazzetta di Selva di Cadore h<a href=\"http:\/\/www.altocadore.it\/it\/vivere_lalto_cadore\/storia\/mondeval.htm\">ttp:\/\/www.altocadore.it\/it\/vivere_lalto_cadore\/storia\/mondeval.htm<\/a><\/p>\n<p style=\"text-align: justify;\" align=\"center\"><span style=\"color: #3366ff;\">Area: Passo Giau &#8211; Mondeval (full day &#8211; excursion for all &#8211; five hours of walking). Path: &#8211; you reach the Rif. Passo Giau by car, where you park; -for sent. 436 head towards Croda da Lago;\u00a0<span lang=\"en\">you reach the fork to the Zonia fork and continue to the Col Piombin fork; &#8211; always follows the sent. 436, descending and ascending (laboriously) towards the Giau fork (up to 2.5 h); &#8211; here the path forks and hence three possibilities; i) or continue on the 436 towards the Ambrizzola fork and therefore the Croda da Lago (with return for the same path or that is inserted in the circuit of the trips of the Croda, to which reference is made); ii) or go down for the sent. 465 and then, at the bifurcation of the Ponte dei Sassi, proceed to the left to bypass Monte Mondeval and then reach the Ambrizzola fork; iii) or go down for the sent. 465 and, after a while, follow the trail on the left that runs along Mondeval from the Croda da Lago side, until you reach, crossing meadows and along a pond, to the place where the Mesevalic Man of Mondeval was found. The return is for the same path (about 2.5 hours). Ratings: A beautiful trip that becomes more relaxing in the second part. The site of the discovery of the &#8220;man of Mondeval&#8221;, now preserved in the Vittorino Cazzetta museum in Selva di Cadore (BL), is fenced so that you can only see it from afar and there is nothing &#8211; just a sign &#8211; that you remember the event . For more info see web site before\u00a0http:\/\/www.altocadore.it\/it\/vivere_lalto_cadore\/storia\/mondeval.htm<\/span><\/span><\/p>\n<p align=\"center\"><strong>\u00a7\u00a0 \u00a7\u00a0 \u00a7<\/strong><\/p>\n<p><em><span style=\"text-decoration: underline;\">Area<\/span><\/em>: \u00a0<strong>Giau \/<\/strong> <strong>Croda da Lago<\/strong> (<em>intera giornata \u2013\u00a0 cinque\/sei ore di cammino<\/em>)<\/p>\n<p><em><span style=\"text-decoration: underline;\">Percorso<\/span><\/em>:<\/p>\n<p>&#8211; si lascia una macchina a Ponte Ru Curto (= strada del Passo Giau a 1.703 m. s.l.m.), e si prosegue \u2013con le altre macchine- per il Passo Giau, dove si parcheggia;<\/p>\n<p>&#8211; prendere il sent. 436 in direzione Croda da Lago;<\/p>\n<p>&#8211; si giunge alla forcella de Zonia ed ancora proseguendo alla forcella de Col Piombin;<\/p>\n<p>&#8211; si segue sempre il sent. 436, scendendo e risalendo (faticosamente) in direzione della forcella Giau (fin qui 2 h\/2,5 h);<\/p>\n<p>&#8211; qui il sentiero si biforca ma si prosegue sempre per il 436 verso la forcella Ambrizzola, costeggiando i Lastoni di Formin;<\/p>\n<p><a href=\"https:\/\/legitedisgatt.it\/wp-content\/uploads\/2012\/08\/Forcella-Ambrizzola-sotto-il-Becco-di-Mezzodi.jpg\"><img loading=\"lazy\" decoding=\"async\" class=\"alignleft size-medium wp-image-230\" title=\"Forcella Ambrizzola sotto il Becco di Mezzod\u00ec\" src=\"https:\/\/legitedisgatt.it\/wp-content\/uploads\/2012\/08\/Forcella-Ambrizzola-sotto-il-Becco-di-Mezzodi-300x224.jpg\" alt=\"\" width=\"300\" height=\"224\" srcset=\"https:\/\/legitedisgatt.it\/wp-content\/uploads\/2012\/08\/Forcella-Ambrizzola-sotto-il-Becco-di-Mezzodi-300x224.jpg 300w, https:\/\/legitedisgatt.it\/wp-content\/uploads\/2012\/08\/Forcella-Ambrizzola-sotto-il-Becco-di-Mezzodi.jpg 448w\" sizes=\"auto, (max-width: 300px) 100vw, 300px\" \/><\/a>&#8211; si giunge cos\u00ec, con breve salita, alla Forcella Ambrizzola (1 h), proprio sotto il Becco di Mezzod\u00ec;<\/p>\n<p><a href=\"https:\/\/legitedisgatt.it\/wp-content\/uploads\/2012\/08\/BeccoDiMezzodi.jpg\"><img loading=\"lazy\" decoding=\"async\" class=\"alignleft size-medium wp-image-220\" title=\"BeccoDiMezzodi\" src=\"https:\/\/legitedisgatt.it\/wp-content\/uploads\/2012\/08\/BeccoDiMezzodi-224x300.jpg\" alt=\"\" width=\"224\" height=\"300\" srcset=\"https:\/\/legitedisgatt.it\/wp-content\/uploads\/2012\/08\/BeccoDiMezzodi-224x300.jpg 224w, https:\/\/legitedisgatt.it\/wp-content\/uploads\/2012\/08\/BeccoDiMezzodi.jpg 336w\" sizes=\"auto, (max-width: 224px) 100vw, 224px\" \/><\/a>&#8211; da qui una discesa graduale costeggiando la Croda da Lago, si giunge al Rif. Palmieri (45 min.);<\/p>\n<p>&#8211; dal Palmieri si prende il sent. 434 che, dopo un tratto in piano, scende in modo piuttosto ripido, fino ad arrivare al bivio con il sent. 437 che scende ancora nel bosco (180 m. di dislivello), per giungere a Rio Curto e dunque alla fine della gita (dal Palmieri complessivi 380 m. di dislivello e 2\/2,5 h).<\/p>\n<p><em><span style=\"text-decoration: underline;\">Valutazioni<\/span>: <\/em>Una bellissima gita che dal Giau porta alla Croda da Lago, facendoci ammirare i Lastoni di Formin e il Becco di Mezzod\u00ec, con un panorama su Cortina dalla Forcella Ambrizzola molto bello \u2013 La discesa su Rio Curto \u00e8 molto ripida e sdrucciolevole <em>[effettuata 20.8.12]<\/em><em>.\u00a0<\/em><\/p>\n<p style=\"text-align: justify;\"><em><span style=\"color: #3366ff;\"><span lang=\"en\">&#8211; leave a car at Ponte Ru Curto (= Passo Giau road at 1,703 m above sea level), and continue &#8211; with the other cars &#8211; to Passo Giau, where you park; &#8211; take the sent. 436 towards Croda da Lago; &#8211; you reach the fork de Zonia and continue to the fork of Col Piombin; &#8211; the sent is always followed. 436, descending and climbing (laboriously) in the direction of the Giau fork (so far 2 h \/ 2.5 h); &#8211; here the path forks but continues along the 436 towards the fork Ambrizzola, along the Lastoni di Formin\u00a0<\/span><span lang=\"en\">&#8211; we arrive, with a short ascent, to the Forcella Ambrizzola (1 h), just below the Becco di Mezzod\u00ec\u00a0<\/span><span lang=\"en\">&#8211; from here a gradual descent along the Croda da Lago, you reach the Rif. Palmieri (45 min.); &#8211; from the Palmieri you take the sent. 434 that, after a flat section, descends rather steeply, until you reach the junction with the sent. 437 that goes down again in the wood (180 m in altitude), to reach Rio Curto and therefore at the end of the trip (from the Palmieri total 380 m in altitude and 2 \/ 2.5 h). Ratings: A beautiful trip from the Giau to Croda da Lago, letting us admire the Lastoni di Formin and the Becco di Mezzod\u00ec, with a view of Cortina from the Forcella Ambrizzola very nice &#8211; The descent on Rio Curto is very steep and slippery [carried out 20.8 .12].<\/span><\/span><\/em><\/p>\n","protected":false},"excerpt":{"rendered":"<p>\u00a0Le gite qui descritte sono quelle che partono dal Passo Giau o dai suoi dintorni ed interessano i gruppi\u00a0 di montagna limitrofi; cos\u00ec dal Passo Giau ci sono gite che consentono di salire sul Nuvolau o sulle Cinque Torri; sulla &hellip; <a href=\"https:\/\/legitedisgatt.it\/?page_id=43\">Continua a leggere<span class=\"meta-nav\">&rarr;<\/span><\/a><\/p>\n","protected":false},"author":1,"featured_media":0,"parent":0,"menu_order":0,"comment_status":"closed","ping_status":"closed","template":"","meta":{"footnotes":""},"class_list":["post-43","page","type-page","status-publish","hentry"],"_links":{"self":[{"href":"https:\/\/legitedisgatt.it\/index.php?rest_route=\/wp\/v2\/pages\/43","targetHints":{"allow":["GET"]}}],"collection":[{"href":"https:\/\/legitedisgatt.it\/index.php?rest_route=\/wp\/v2\/pages"}],"about":[{"href":"https:\/\/legitedisgatt.it\/index.php?rest_route=\/wp\/v2\/types\/page"}],"author":[{"embeddable":true,"href":"https:\/\/legitedisgatt.it\/index.php?rest_route=\/wp\/v2\/users\/1"}],"replies":[{"embeddable":true,"href":"https:\/\/legitedisgatt.it\/index.php?rest_route=%2Fwp%2Fv2%2Fcomments&post=43"}],"version-history":[{"count":45,"href":"https:\/\/legitedisgatt.it\/index.php?rest_route=\/wp\/v2\/pages\/43\/revisions"}],"predecessor-version":[{"id":1616,"href":"https:\/\/legitedisgatt.it\/index.php?rest_route=\/wp\/v2\/pages\/43\/revisions\/1616"}],"wp:attachment":[{"href":"https:\/\/legitedisgatt.it\/index.php?rest_route=%2Fwp%2Fv2%2Fmedia&parent=43"}],"curies":[{"name":"wp","href":"https:\/\/api.w.org\/{rel}","templated":true}]}}